{"id":73,"date":"2021-07-27T01:26:08","date_gmt":"2021-07-27T01:26:08","guid":{"rendered":"https:\/\/demo.bravisthemes.com\/medibo\/?page_id=73"},"modified":"2021-07-27T01:26:08","modified_gmt":"2021-07-27T01:26:08","slug":"blog-carousel","status":"publish","type":"page","link":"https:\/\/poliklinika-adria.ba\/index.php\/blog-carousel\/","title":{"rendered":"Blog Carousel"},"content":{"rendered":"\t\t<div data-elementor-type=\"wp-page\" data-elementor-id=\"73\" class=\"elementor elementor-73\">\n\t\t\t\t        <section class=\"elementor-section elementor-top-section elementor-element elementor-element-c51eded elementor-section-stretched elementor-section-boxed elementor-section-height-default elementor-section-height-default ct-header-fixed-none ct-column-none ct-row-scroll-none\" data-id=\"c51eded\" data-element_type=\"section\" data-settings=\"{&quot;stretch_section&quot;:&quot;section-stretched&quot;}\">\n            \n                        <div class=\"elementor-container elementor-column-gap-extended \">\n                    <div class=\"elementor-column elementor-col-100 elementor-top-column elementor-element elementor-element-21b4673 ct-column-none\" data-id=\"21b4673\" data-element_type=\"column\">\n        <div class=\"elementor-widget-wrap elementor-element-populated\">\n                    \n        \t\t<div class=\"elementor-element elementor-element-1b4f2bf elementor-widget-divider--view-line_text elementor-widget-divider--element-align-left elementor-widget elementor-widget-divider\" data-id=\"1b4f2bf\" data-element_type=\"widget\" data-widget_type=\"divider.default\">\n\t\t\t\t<div class=\"elementor-widget-container\">\n\t\t\t\t\t\t\t<div class=\"elementor-divider\">\n\t\t\t<span class=\"elementor-divider-separator\">\n\t\t\t\t\t\t\t<span class=\"elementor-divider__text elementor-divider__element\">\n\t\t\t\tLayout 1\t\t\t\t<\/span>\n\t\t\t\t\t\t<\/span>\n\t\t<\/div>\n\t\t\t\t\t\t<\/div>\n\t\t\t\t<\/div>\n\t\t\t\t<div class=\"elementor-element elementor-element-66c17b0 elementor-widget elementor-widget-ct_blog_carousel\" data-id=\"66c17b0\" data-element_type=\"widget\" data-widget_type=\"ct_blog_carousel.default\">\n\t\t\t\t<div class=\"elementor-widget-container\">\n\t\t\t\t\t\r\n<div id=\"ct_blog_carousel-66c17b0\" class=\"ct-blog-carousel-layout1 ct-slick-slider\">\r\n    <div class=\"ct-carousel-inner\">\r\n        <div class=\"ct-slick-carousel\" data-arrows=\"\" data-dots=\"true\" data-pauseOnHover=\"true\" data-autoplay=\"false\" data-autoplaySpeed=\"5000\" data-infinite=\"true\" data-speed=\"500\" data-dir=\"false\" data-colxs=\"1\" data-colsm=\"2\" data-colmd=\"2\" data-collg=\"3\" data-colxl=\"3\" data-slidesToScroll=\"2\">\r\n\r\n                    <div class=\"carousel-item slick-slide\">\r\n                <div class=\"grid-item-inner \">\r\n                                            <div class=\"item--featured\">\r\n                            <a href=\"https:\/\/poliklinika-adria.ba\/index.php\/2026\/04\/20\/poliklinika-adria-ugostila-vrhunske-svjetske-ljekare-besplatni-pregledi-u-polikinici-adria-medical-center-tuzla\/\"><img fetchpriority=\"high\" decoding=\"async\" class=\"\" src=\"https:\/\/poliklinika-adria.ba\/wp-content\/uploads\/2026\/04\/adriaNaslovna-500x600.jpg\" width=\"500\" height=\"600\" alt=\"adriaNaslovna\" title=\"adriaNaslovna\" \/><\/a>\r\n                        <\/div>\r\n                                        <div class=\"item--holder\">\r\n                                                    <ul class=\"item--meta\">\r\n                                                                    <li class=\"item--category\">\r\n                                        <a href=\"https:\/\/poliklinika-adria.ba\/index.php\/category\/poliklinika\/\" rel=\"tag\">Poliklinika<\/a>                                    <\/li>\r\n                                                                                                    <li class=\"item--date\">\r\n                                        <i class=\"fa fa-calendar\"><\/i>\r\n                                        <span>20<\/span>\r\n                                        <span>apr 2026<\/span>\r\n                                    <\/li>\r\n                                                            <\/ul>\r\n                                                <h3 class=\"item--title\"><a href=\"https:\/\/poliklinika-adria.ba\/index.php\/2026\/04\/20\/poliklinika-adria-ugostila-vrhunske-svjetske-ljekare-besplatni-pregledi-u-polikinici-adria-medical-center-tuzla\/\">POLIKLINIKA ADRIA UGOSTILA VRHUNSKE SVJETSKE LJEKARE (BESPLATNI PREGLEDI U POLIKINICI ADRIA MEDICAL CENTER TUZLA)<\/a><\/h3>\r\n                                                    <div class=\"item--readmore\">\r\n                                <a class=\"btn-line-text\" href=\"https:\/\/poliklinika-adria.ba\/index.php\/2026\/04\/20\/poliklinika-adria-ugostila-vrhunske-svjetske-ljekare-besplatni-pregledi-u-polikinici-adria-medical-center-tuzla\/\">\r\n                                    <span>Read more<\/span>\r\n                                    <i>+<\/i>\r\n                                <\/a>\r\n                            <\/div>\r\n                                            <\/div>\r\n                <\/div>\r\n            <\/div>\r\n                    <div class=\"carousel-item slick-slide\">\r\n                <div class=\"grid-item-inner \">\r\n                                            <div class=\"item--featured\">\r\n                            <a href=\"https:\/\/poliklinika-adria.ba\/index.php\/2025\/11\/19\/osoblje-poliklinike-adria-ucesnici-simpozija-o-kardiovaskularnim-bolestima-u-tuzli\/\"><img decoding=\"async\" class=\"\" src=\"https:\/\/poliklinika-adria.ba\/wp-content\/uploads\/2025\/11\/1-500x600.jpg\" width=\"500\" height=\"600\" alt=\"1\" title=\"1\" \/><\/a>\r\n                        <\/div>\r\n                                        <div class=\"item--holder\">\r\n                                                    <ul class=\"item--meta\">\r\n                                                                    <li class=\"item--category\">\r\n                                        <a href=\"https:\/\/poliklinika-adria.ba\/index.php\/category\/kardiolog\/\" rel=\"tag\">Kardiolog<\/a>                                    <\/li>\r\n                                                                                                    <li class=\"item--date\">\r\n                                        <i class=\"fa fa-calendar\"><\/i>\r\n                                        <span>19<\/span>\r\n                                        <span>nov 2025<\/span>\r\n                                    <\/li>\r\n                                                            <\/ul>\r\n                                                <h3 class=\"item--title\"><a href=\"https:\/\/poliklinika-adria.ba\/index.php\/2025\/11\/19\/osoblje-poliklinike-adria-ucesnici-simpozija-o-kardiovaskularnim-bolestima-u-tuzli\/\">OSOBLJE POLIKLINIKE ADRIA U\u010cESNICI SIMPOZIJA O KARDIOVASKULARNIM BOLESTIMA U TUZLI<\/a><\/h3>\r\n                                                    <div class=\"item--readmore\">\r\n                                <a class=\"btn-line-text\" href=\"https:\/\/poliklinika-adria.ba\/index.php\/2025\/11\/19\/osoblje-poliklinike-adria-ucesnici-simpozija-o-kardiovaskularnim-bolestima-u-tuzli\/\">\r\n                                    <span>Read more<\/span>\r\n                                    <i>+<\/i>\r\n                                <\/a>\r\n                            <\/div>\r\n                                            <\/div>\r\n                <\/div>\r\n            <\/div>\r\n                    <div class=\"carousel-item slick-slide\">\r\n                <div class=\"grid-item-inner \">\r\n                                            <div class=\"item--featured\">\r\n                            <a href=\"https:\/\/poliklinika-adria.ba\/index.php\/2025\/10\/03\/dr-mirsad-selimovic-domacin-i-predavac-na-kongresu-kardiologa-bih-u-sarajevu\/\"><img decoding=\"async\" class=\"\" src=\"https:\/\/poliklinika-adria.ba\/wp-content\/uploads\/2025\/10\/Primjer-2-1-500x600.jpg\" width=\"500\" height=\"600\" alt=\"Primjer 2 (1)\" title=\"Primjer 2 (1)\" \/><\/a>\r\n                        <\/div>\r\n                                        <div class=\"item--holder\">\r\n                                                    <ul class=\"item--meta\">\r\n                                                                    <li class=\"item--category\">\r\n                                        <a href=\"https:\/\/poliklinika-adria.ba\/index.php\/category\/kardiolog\/\" rel=\"tag\">Kardiolog<\/a>                                    <\/li>\r\n                                                                                                    <li class=\"item--date\">\r\n                                        <i class=\"fa fa-calendar\"><\/i>\r\n                                        <span>03<\/span>\r\n                                        <span>okt 2025<\/span>\r\n                                    <\/li>\r\n                                                            <\/ul>\r\n                                                <h3 class=\"item--title\"><a href=\"https:\/\/poliklinika-adria.ba\/index.php\/2025\/10\/03\/dr-mirsad-selimovic-domacin-i-predavac-na-kongresu-kardiologa-bih-u-sarajevu\/\">Dr. Mirsad Selimovi\u0107 doma\u0107in i predava\u010d na Kongresu kardiologa BiH u Sarajevu<\/a><\/h3>\r\n                                                    <div class=\"item--readmore\">\r\n                                <a class=\"btn-line-text\" href=\"https:\/\/poliklinika-adria.ba\/index.php\/2025\/10\/03\/dr-mirsad-selimovic-domacin-i-predavac-na-kongresu-kardiologa-bih-u-sarajevu\/\">\r\n                                    <span>Read more<\/span>\r\n                                    <i>+<\/i>\r\n                                <\/a>\r\n                            <\/div>\r\n                                            <\/div>\r\n                <\/div>\r\n            <\/div>\r\n                    <div class=\"carousel-item slick-slide\">\r\n                <div class=\"grid-item-inner \">\r\n                                            <div class=\"item--featured\">\r\n                            <a href=\"https:\/\/poliklinika-adria.ba\/index.php\/2025\/09\/29\/obiljezavamo-svjetski-dan-srca-pod-sloganom-svaki-otkucaj-srca-je-bitan\/\"><img loading=\"lazy\" decoding=\"async\" class=\"\" src=\"https:\/\/poliklinika-adria.ba\/wp-content\/uploads\/2025\/09\/viber_slika_2025-09-29_12-50-49-028_720-e1760436409259-500x540.jpg\" width=\"500\" height=\"540\" alt=\"viber_slika_2025-09-29_12-50-49-028_720\" title=\"viber_slika_2025-09-29_12-50-49-028_720\" \/><\/a>\r\n                        <\/div>\r\n                                        <div class=\"item--holder\">\r\n                                                    <ul class=\"item--meta\">\r\n                                                                    <li class=\"item--category\">\r\n                                        <a href=\"https:\/\/poliklinika-adria.ba\/index.php\/category\/poliklinika\/\" rel=\"tag\">Poliklinika<\/a>                                    <\/li>\r\n                                                                                                    <li class=\"item--date\">\r\n                                        <i class=\"fa fa-calendar\"><\/i>\r\n                                        <span>29<\/span>\r\n                                        <span>sep 2025<\/span>\r\n                                    <\/li>\r\n                                                            <\/ul>\r\n                                                <h3 class=\"item--title\"><a href=\"https:\/\/poliklinika-adria.ba\/index.php\/2025\/09\/29\/obiljezavamo-svjetski-dan-srca-pod-sloganom-svaki-otkucaj-srca-je-bitan\/\">OBILJE\u017dAVAMO SVJETSKI DAN SRCA POD SLOGANOM \u201cSvaki otkucaj srca je bitan\u201d<\/a><\/h3>\r\n                                                    <div class=\"item--readmore\">\r\n                                <a class=\"btn-line-text\" href=\"https:\/\/poliklinika-adria.ba\/index.php\/2025\/09\/29\/obiljezavamo-svjetski-dan-srca-pod-sloganom-svaki-otkucaj-srca-je-bitan\/\">\r\n                                    <span>Read more<\/span>\r\n                                    <i>+<\/i>\r\n                                <\/a>\r\n                            <\/div>\r\n                                            <\/div>\r\n                <\/div>\r\n            <\/div>\r\n                    <div class=\"carousel-item slick-slide\">\r\n                <div class=\"grid-item-inner \">\r\n                                            <div class=\"item--featured\">\r\n                            <a href=\"https:\/\/poliklinika-adria.ba\/index.php\/2025\/07\/11\/savremeno-lijecenje-pacijenata-uz-nove-terapijske-mogucnosti\/\"><img loading=\"lazy\" decoding=\"async\" class=\"\" src=\"https:\/\/poliklinika-adria.ba\/wp-content\/uploads\/2025\/07\/517705078_724401653546336_4353743297474390554_n-e1752217018717-500x600.jpg\" width=\"500\" height=\"600\" alt=\"517705078_724401653546336_4353743297474390554_n\" title=\"517705078_724401653546336_4353743297474390554_n\" \/><\/a>\r\n                        <\/div>\r\n                                        <div class=\"item--holder\">\r\n                                                    <ul class=\"item--meta\">\r\n                                                                    <li class=\"item--category\">\r\n                                        <a href=\"https:\/\/poliklinika-adria.ba\/index.php\/category\/poliklinika\/\" rel=\"tag\">Poliklinika<\/a>                                    <\/li>\r\n                                                                                                    <li class=\"item--date\">\r\n                                        <i class=\"fa fa-calendar\"><\/i>\r\n                                        <span>11<\/span>\r\n                                        <span>jul 2025<\/span>\r\n                                    <\/li>\r\n                                                            <\/ul>\r\n                                                <h3 class=\"item--title\"><a href=\"https:\/\/poliklinika-adria.ba\/index.php\/2025\/07\/11\/savremeno-lijecenje-pacijenata-uz-nove-terapijske-mogucnosti\/\">Savremeno lije\u010denje pacijenata uz nove terapijske mogu\u0107nosti<\/a><\/h3>\r\n                                                    <div class=\"item--readmore\">\r\n                                <a class=\"btn-line-text\" href=\"https:\/\/poliklinika-adria.ba\/index.php\/2025\/07\/11\/savremeno-lijecenje-pacijenata-uz-nove-terapijske-mogucnosti\/\">\r\n                                    <span>Read more<\/span>\r\n                                    <i>+<\/i>\r\n                                <\/a>\r\n                            <\/div>\r\n                                            <\/div>\r\n                <\/div>\r\n            <\/div>\r\n                    <div class=\"carousel-item slick-slide\">\r\n                <div class=\"grid-item-inner \">\r\n                                            <div class=\"item--featured\">\r\n                            <a href=\"https:\/\/poliklinika-adria.ba\/index.php\/2025\/07\/11\/savjeti-kardiologa-za-tople-dane\/\"><img loading=\"lazy\" decoding=\"async\" class=\"\" src=\"https:\/\/poliklinika-adria.ba\/wp-content\/uploads\/2025\/07\/517370997_1930574507784098_3250426325300353692_n-e1752214298513-500x600.jpg\" width=\"500\" height=\"600\" alt=\"517370997_1930574507784098_3250426325300353692_n\" title=\"517370997_1930574507784098_3250426325300353692_n\" \/><\/a>\r\n                        <\/div>\r\n                                        <div class=\"item--holder\">\r\n                                                    <ul class=\"item--meta\">\r\n                                                                    <li class=\"item--category\">\r\n                                        <a href=\"https:\/\/poliklinika-adria.ba\/index.php\/category\/kardiolog\/\" rel=\"tag\">Kardiolog<\/a>                                    <\/li>\r\n                                                                                                    <li class=\"item--date\">\r\n                                        <i class=\"fa fa-calendar\"><\/i>\r\n                                        <span>11<\/span>\r\n                                        <span>jul 2025<\/span>\r\n                                    <\/li>\r\n                                                            <\/ul>\r\n                                                <h3 class=\"item--title\"><a href=\"https:\/\/poliklinika-adria.ba\/index.php\/2025\/07\/11\/savjeti-kardiologa-za-tople-dane\/\">Savjeti kardiologa za tople dane<\/a><\/h3>\r\n                                                    <div class=\"item--readmore\">\r\n                                <a class=\"btn-line-text\" href=\"https:\/\/poliklinika-adria.ba\/index.php\/2025\/07\/11\/savjeti-kardiologa-za-tople-dane\/\">\r\n                                    <span>Read more<\/span>\r\n                                    <i>+<\/i>\r\n                                <\/a>\r\n                            <\/div>\r\n                                            <\/div>\r\n                <\/div>\r\n            <\/div>\r\n                <\/div>\r\n    <\/div>\r\n<\/div>\r\n\t\t\t\t<\/div>\n\t\t\t\t<\/div>\n\t\t            <\/div>\n        <\/div>\n                    <\/div>\n        <\/section>\n                <section class=\"elementor-section elementor-top-section elementor-element elementor-element-a545574 elementor-section-stretched elementor-section-boxed elementor-section-height-default elementor-section-height-default ct-header-fixed-none ct-column-none ct-row-scroll-none\" data-id=\"a545574\" data-element_type=\"section\" data-settings=\"{&quot;stretch_section&quot;:&quot;section-stretched&quot;,&quot;background_background&quot;:&quot;classic&quot;}\">\n            \n                        <div class=\"elementor-container elementor-column-gap-extended \">\n                    <div class=\"elementor-column elementor-col-100 elementor-top-column elementor-element elementor-element-6acccb0 ct-column-none\" data-id=\"6acccb0\" data-element_type=\"column\">\n        <div class=\"elementor-widget-wrap elementor-element-populated\">\n                    \n        \t\t<div class=\"elementor-element elementor-element-2a274b5 elementor-widget-divider--view-line_text elementor-widget-divider--element-align-left elementor-widget elementor-widget-divider\" data-id=\"2a274b5\" data-element_type=\"widget\" data-widget_type=\"divider.default\">\n\t\t\t\t<div class=\"elementor-widget-container\">\n\t\t\t\t\t\t\t<div class=\"elementor-divider\">\n\t\t\t<span class=\"elementor-divider-separator\">\n\t\t\t\t\t\t\t<span class=\"elementor-divider__text elementor-divider__element\">\n\t\t\t\tLayout 2\t\t\t\t<\/span>\n\t\t\t\t\t\t<\/span>\n\t\t<\/div>\n\t\t\t\t\t\t<\/div>\n\t\t\t\t<\/div>\n\t\t\t\t<div class=\"elementor-element elementor-element-1da4c7e elementor-widget elementor-widget-ct_blog_carousel\" data-id=\"1da4c7e\" data-element_type=\"widget\" data-widget_type=\"ct_blog_carousel.default\">\n\t\t\t\t<div class=\"elementor-widget-container\">\n\t\t\t\t\t\r\n<div id=\"ct_blog_carousel-1da4c7e\" class=\"ct-blog-carousel-layout2 ct-slick-slider slick-vertical\">\r\n    <div class=\"ct-carousel-inner\">\r\n        <div class=\"ct-slick-carousel\" data-arrows=\"\" data-dots=\"true\" data-pauseOnHover=\"true\" data-autoplay=\"false\" data-autoplaySpeed=\"5000\" data-infinite=\"true\" data-speed=\"500\" data-dir=\"false\" data-colxs=\"1\" data-colsm=\"1\" data-colmd=\"1\" data-collg=\"2\" data-colxl=\"2\" data-slidesToScroll=\"2\" data-vertical=\"\">\r\n\r\n                    <div class=\"carousel-item slick-slide\">\r\n                <div class=\"grid-item-inner \">\r\n                    <div class=\"item--body\">\r\n                                                    <ul class=\"item--meta\">\r\n                                                                    <li class=\"item--category\">\r\n                                        <a href=\"https:\/\/poliklinika-adria.ba\/index.php\/category\/poliklinika\/\" rel=\"tag\">Poliklinika<\/a>                                    <\/li>\r\n                                                                                                    <li class=\"item--date\">\r\n                                        <i class=\"fa fa-calendar\"><\/i>\r\n                                        <span>20<\/span>\r\n                                        <span>apr 2026<\/span>\r\n                                    <\/li>\r\n                                                            <\/ul>\r\n                                                <h3 class=\"item--title\"><a href=\"https:\/\/poliklinika-adria.ba\/index.php\/2026\/04\/20\/poliklinika-adria-ugostila-vrhunske-svjetske-ljekare-besplatni-pregledi-u-polikinici-adria-medical-center-tuzla\/\">POLIKLINIKA ADRIA UGOSTILA VRHUNSKE SVJETSKE LJEKARE (BESPLATNI PREGLEDI U POLIKINICI ADRIA MEDICAL CENTER TUZLA)<\/a><\/h3>\r\n                                                    <div class=\"item--content\">\r\n                                                            <\/div>\r\n                                            <\/div>\r\n                <\/div>\r\n            <\/div>\r\n                    <div class=\"carousel-item slick-slide\">\r\n                <div class=\"grid-item-inner \">\r\n                    <div class=\"item--body\">\r\n                                                    <ul class=\"item--meta\">\r\n                                                                    <li class=\"item--category\">\r\n                                        <a href=\"https:\/\/poliklinika-adria.ba\/index.php\/category\/kardiolog\/\" rel=\"tag\">Kardiolog<\/a>                                    <\/li>\r\n                                                                                                    <li class=\"item--date\">\r\n                                        <i class=\"fa fa-calendar\"><\/i>\r\n                                        <span>19<\/span>\r\n                                        <span>nov 2025<\/span>\r\n                                    <\/li>\r\n                                                            <\/ul>\r\n                                                <h3 class=\"item--title\"><a href=\"https:\/\/poliklinika-adria.ba\/index.php\/2025\/11\/19\/osoblje-poliklinike-adria-ucesnici-simpozija-o-kardiovaskularnim-bolestima-u-tuzli\/\">OSOBLJE POLIKLINIKE ADRIA U\u010cESNICI SIMPOZIJA O KARDIOVASKULARNIM BOLESTIMA U TUZLI<\/a><\/h3>\r\n                                                    <div class=\"item--content\">\r\n                                                            <\/div>\r\n                                            <\/div>\r\n                <\/div>\r\n            <\/div>\r\n                    <div class=\"carousel-item slick-slide\">\r\n                <div class=\"grid-item-inner \">\r\n                    <div class=\"item--body\">\r\n                                                    <ul class=\"item--meta\">\r\n                                                                    <li class=\"item--category\">\r\n                                        <a href=\"https:\/\/poliklinika-adria.ba\/index.php\/category\/kardiolog\/\" rel=\"tag\">Kardiolog<\/a>                                    <\/li>\r\n                                                                                                    <li class=\"item--date\">\r\n                                        <i class=\"fa fa-calendar\"><\/i>\r\n                                        <span>03<\/span>\r\n                                        <span>okt 2025<\/span>\r\n                                    <\/li>\r\n                                                            <\/ul>\r\n                                                <h3 class=\"item--title\"><a href=\"https:\/\/poliklinika-adria.ba\/index.php\/2025\/10\/03\/dr-mirsad-selimovic-domacin-i-predavac-na-kongresu-kardiologa-bih-u-sarajevu\/\">Dr. Mirsad Selimovi\u0107 doma\u0107in i predava\u010d na Kongresu kardiologa BiH u Sarajevu<\/a><\/h3>\r\n                                                    <div class=\"item--content\">\r\n                                                            <\/div>\r\n                                            <\/div>\r\n                <\/div>\r\n            <\/div>\r\n                    <div class=\"carousel-item slick-slide\">\r\n                <div class=\"grid-item-inner \">\r\n                    <div class=\"item--body\">\r\n                                                    <ul class=\"item--meta\">\r\n                                                                    <li class=\"item--category\">\r\n                                        <a href=\"https:\/\/poliklinika-adria.ba\/index.php\/category\/poliklinika\/\" rel=\"tag\">Poliklinika<\/a>                                    <\/li>\r\n                                                                                                    <li class=\"item--date\">\r\n                                        <i class=\"fa fa-calendar\"><\/i>\r\n                                        <span>29<\/span>\r\n                                        <span>sep 2025<\/span>\r\n                                    <\/li>\r\n                                                            <\/ul>\r\n                                                <h3 class=\"item--title\"><a href=\"https:\/\/poliklinika-adria.ba\/index.php\/2025\/09\/29\/obiljezavamo-svjetski-dan-srca-pod-sloganom-svaki-otkucaj-srca-je-bitan\/\">OBILJE\u017dAVAMO SVJETSKI DAN SRCA POD SLOGANOM \u201cSvaki otkucaj srca je bitan\u201d<\/a><\/h3>\r\n                                                    <div class=\"item--content\">\r\n                                                            <\/div>\r\n                                            <\/div>\r\n                <\/div>\r\n            <\/div>\r\n                    <div class=\"carousel-item slick-slide\">\r\n                <div class=\"grid-item-inner \">\r\n                    <div class=\"item--body\">\r\n                                                    <ul class=\"item--meta\">\r\n                                                                    <li class=\"item--category\">\r\n                                        <a href=\"https:\/\/poliklinika-adria.ba\/index.php\/category\/poliklinika\/\" rel=\"tag\">Poliklinika<\/a>                                    <\/li>\r\n                                                                                                    <li class=\"item--date\">\r\n                                        <i class=\"fa fa-calendar\"><\/i>\r\n                                        <span>11<\/span>\r\n                                        <span>jul 2025<\/span>\r\n                                    <\/li>\r\n                                                            <\/ul>\r\n                                                <h3 class=\"item--title\"><a href=\"https:\/\/poliklinika-adria.ba\/index.php\/2025\/07\/11\/savremeno-lijecenje-pacijenata-uz-nove-terapijske-mogucnosti\/\">Savremeno lije\u010denje pacijenata uz nove terapijske mogu\u0107nosti<\/a><\/h3>\r\n                                                    <div class=\"item--content\">\r\n                                                            <\/div>\r\n                                            <\/div>\r\n                <\/div>\r\n            <\/div>\r\n                    <div class=\"carousel-item slick-slide\">\r\n                <div class=\"grid-item-inner \">\r\n                    <div class=\"item--body\">\r\n                                                    <ul class=\"item--meta\">\r\n                                                                    <li class=\"item--category\">\r\n                                        <a href=\"https:\/\/poliklinika-adria.ba\/index.php\/category\/kardiolog\/\" rel=\"tag\">Kardiolog<\/a>                                    <\/li>\r\n                                                                                                    <li class=\"item--date\">\r\n                                        <i class=\"fa fa-calendar\"><\/i>\r\n                                        <span>11<\/span>\r\n                                        <span>jul 2025<\/span>\r\n                                    <\/li>\r\n                                                            <\/ul>\r\n                                                <h3 class=\"item--title\"><a href=\"https:\/\/poliklinika-adria.ba\/index.php\/2025\/07\/11\/savjeti-kardiologa-za-tople-dane\/\">Savjeti kardiologa za tople dane<\/a><\/h3>\r\n                                                    <div class=\"item--content\">\r\n                                                            <\/div>\r\n                                            <\/div>\r\n                <\/div>\r\n            <\/div>\r\n                <\/div>\r\n    <\/div>\r\n<\/div>\r\n\t\t\t\t<\/div>\n\t\t\t\t<\/div>\n\t\t            <\/div>\n        <\/div>\n                    <\/div>\n        <\/section>\n                <section class=\"elementor-section elementor-top-section elementor-element elementor-element-0a654ee elementor-section-stretched elementor-section-boxed elementor-section-height-default elementor-section-height-default ct-header-fixed-none ct-column-none ct-row-scroll-none\" data-id=\"0a654ee\" data-element_type=\"section\" data-settings=\"{&quot;stretch_section&quot;:&quot;section-stretched&quot;,&quot;background_background&quot;:&quot;classic&quot;}\">\n            \n                        <div class=\"elementor-container elementor-column-gap-extended \">\n                    <div class=\"elementor-column elementor-col-100 elementor-top-column elementor-element elementor-element-35878fa ct-column-none\" data-id=\"35878fa\" data-element_type=\"column\">\n        <div class=\"elementor-widget-wrap elementor-element-populated\">\n                    \n        \t\t<div class=\"elementor-element elementor-element-c165352 elementor-widget-divider--view-line_text elementor-widget-divider--element-align-left elementor-widget elementor-widget-divider\" data-id=\"c165352\" data-element_type=\"widget\" data-widget_type=\"divider.default\">\n\t\t\t\t<div class=\"elementor-widget-container\">\n\t\t\t\t\t\t\t<div class=\"elementor-divider\">\n\t\t\t<span class=\"elementor-divider-separator\">\n\t\t\t\t\t\t\t<span class=\"elementor-divider__text elementor-divider__element\">\n\t\t\t\tLayout 3\t\t\t\t<\/span>\n\t\t\t\t\t\t<\/span>\n\t\t<\/div>\n\t\t\t\t\t\t<\/div>\n\t\t\t\t<\/div>\n\t\t\t\t<div class=\"elementor-element elementor-element-33c9c49 elementor-widget elementor-widget-ct_blog_carousel\" data-id=\"33c9c49\" data-element_type=\"widget\" data-widget_type=\"ct_blog_carousel.default\">\n\t\t\t\t<div class=\"elementor-widget-container\">\n\t\t\t\t\t\r\n<div id=\"ct_blog_carousel-33c9c49\" class=\"ct-blog-carousel ct-blog-carousel-layout3 ct-slick-slider\">\r\n    <div class=\"ct-carousel-inner\">\r\n        <div class=\"ct-slick-carousel\" data-arrows=\"\" data-dots=\"true\" data-pauseOnHover=\"true\" data-autoplay=\"false\" data-autoplaySpeed=\"5000\" data-infinite=\"true\" data-speed=\"500\" data-dir=\"false\" data-colxs=\"1\" data-colsm=\"1\" data-colmd=\"2\" data-collg=\"2\" data-colxl=\"3\" data-slidesToScroll=\"2\">\r\n\r\n                    <div class=\"carousel-item slick-slide\">\r\n                <div class=\"grid-item-inner \">\r\n                                            <div class=\"item--featured\">\r\n                            <a href=\"https:\/\/poliklinika-adria.ba\/index.php\/2026\/04\/20\/poliklinika-adria-ugostila-vrhunske-svjetske-ljekare-besplatni-pregledi-u-polikinici-adria-medical-center-tuzla\/\"><img loading=\"lazy\" decoding=\"async\" class=\"\" src=\"https:\/\/poliklinika-adria.ba\/wp-content\/uploads\/2026\/04\/adriaNaslovna-600x400.jpg\" width=\"600\" height=\"400\" alt=\"adriaNaslovna\" title=\"adriaNaslovna\" \/><\/a>\r\n                        <\/div>\r\n                                        <div class=\"item--body\">\r\n                                                    <ul class=\"item--meta\">\r\n                                                                    <li class=\"item--category\">\r\n                                        <a href=\"https:\/\/poliklinika-adria.ba\/index.php\/category\/poliklinika\/\" rel=\"tag\">Poliklinika<\/a>                                    <\/li>\r\n                                                                                                    <li class=\"item--date\">\r\n                                        <i class=\"bravisicon-calendar-alt\"><\/i>\r\n                                        <span>20<\/span>\r\n                                        <span>apr 2026<\/span>\r\n                                    <\/li>\r\n                                                            <\/ul>\r\n                                                <h3 class=\"item--title\"><a href=\"https:\/\/poliklinika-adria.ba\/index.php\/2026\/04\/20\/poliklinika-adria-ugostila-vrhunske-svjetske-ljekare-besplatni-pregledi-u-polikinici-adria-medical-center-tuzla\/\">POLIKLINIKA ADRIA UGOSTILA VRHUNSKE SVJETSKE LJEKARE (BESPLATNI PREGLEDI U POLIKINICI ADRIA MEDICAL CENTER TUZLA)<\/a><\/h3>\r\n                                                    <div class=\"item--content\">\r\n                                                            <\/div>\r\n                                                                            <div class=\"item--readmore\">\r\n                                <a class=\"btn-line-text\" href=\"https:\/\/poliklinika-adria.ba\/index.php\/2026\/04\/20\/poliklinika-adria-ugostila-vrhunske-svjetske-ljekare-besplatni-pregledi-u-polikinici-adria-medical-center-tuzla\/\">\r\n                                    <span>Read more<\/span>\r\n                                    <i>+<\/i>\r\n                                <\/a>\r\n                            <\/div>\r\n                                            <\/div>\r\n                <\/div>\r\n            <\/div>\r\n                    <div class=\"carousel-item slick-slide\">\r\n                <div class=\"grid-item-inner \">\r\n                                            <div class=\"item--featured\">\r\n                            <a href=\"https:\/\/poliklinika-adria.ba\/index.php\/2025\/11\/19\/osoblje-poliklinike-adria-ucesnici-simpozija-o-kardiovaskularnim-bolestima-u-tuzli\/\"><img loading=\"lazy\" decoding=\"async\" class=\"\" src=\"https:\/\/poliklinika-adria.ba\/wp-content\/uploads\/2025\/11\/1-600x400.jpg\" width=\"600\" height=\"400\" alt=\"1\" title=\"1\" \/><\/a>\r\n                        <\/div>\r\n                                        <div class=\"item--body\">\r\n                                                    <ul class=\"item--meta\">\r\n                                                                    <li class=\"item--category\">\r\n                                        <a href=\"https:\/\/poliklinika-adria.ba\/index.php\/category\/kardiolog\/\" rel=\"tag\">Kardiolog<\/a>                                    <\/li>\r\n                                                                                                    <li class=\"item--date\">\r\n                                        <i class=\"bravisicon-calendar-alt\"><\/i>\r\n                                        <span>19<\/span>\r\n                                        <span>nov 2025<\/span>\r\n                                    <\/li>\r\n                                                            <\/ul>\r\n                                                <h3 class=\"item--title\"><a href=\"https:\/\/poliklinika-adria.ba\/index.php\/2025\/11\/19\/osoblje-poliklinike-adria-ucesnici-simpozija-o-kardiovaskularnim-bolestima-u-tuzli\/\">OSOBLJE POLIKLINIKE ADRIA U\u010cESNICI SIMPOZIJA O KARDIOVASKULARNIM BOLESTIMA U TUZLI<\/a><\/h3>\r\n                                                    <div class=\"item--content\">\r\n                                                            <\/div>\r\n                                                                            <div class=\"item--readmore\">\r\n                                <a class=\"btn-line-text\" href=\"https:\/\/poliklinika-adria.ba\/index.php\/2025\/11\/19\/osoblje-poliklinike-adria-ucesnici-simpozija-o-kardiovaskularnim-bolestima-u-tuzli\/\">\r\n                                    <span>Read more<\/span>\r\n                                    <i>+<\/i>\r\n                                <\/a>\r\n                            <\/div>\r\n                                            <\/div>\r\n                <\/div>\r\n            <\/div>\r\n                    <div class=\"carousel-item slick-slide\">\r\n                <div class=\"grid-item-inner \">\r\n                                            <div class=\"item--featured\">\r\n                            <a href=\"https:\/\/poliklinika-adria.ba\/index.php\/2025\/10\/03\/dr-mirsad-selimovic-domacin-i-predavac-na-kongresu-kardiologa-bih-u-sarajevu\/\"><img loading=\"lazy\" decoding=\"async\" class=\"\" src=\"https:\/\/poliklinika-adria.ba\/wp-content\/uploads\/2025\/10\/Primjer-2-1-600x400.jpg\" width=\"600\" height=\"400\" alt=\"Primjer 2 (1)\" title=\"Primjer 2 (1)\" \/><\/a>\r\n                        <\/div>\r\n                                        <div class=\"item--body\">\r\n                                                    <ul class=\"item--meta\">\r\n                                                                    <li class=\"item--category\">\r\n                                        <a href=\"https:\/\/poliklinika-adria.ba\/index.php\/category\/kardiolog\/\" rel=\"tag\">Kardiolog<\/a>                                    <\/li>\r\n                                                                                                    <li class=\"item--date\">\r\n                                        <i class=\"bravisicon-calendar-alt\"><\/i>\r\n                                        <span>03<\/span>\r\n                                        <span>okt 2025<\/span>\r\n                                    <\/li>\r\n                                                            <\/ul>\r\n                                                <h3 class=\"item--title\"><a href=\"https:\/\/poliklinika-adria.ba\/index.php\/2025\/10\/03\/dr-mirsad-selimovic-domacin-i-predavac-na-kongresu-kardiologa-bih-u-sarajevu\/\">Dr. Mirsad Selimovi\u0107 doma\u0107in i predava\u010d na Kongresu kardiologa BiH u Sarajevu<\/a><\/h3>\r\n                                                    <div class=\"item--content\">\r\n                                                            <\/div>\r\n                                                                            <div class=\"item--readmore\">\r\n                                <a class=\"btn-line-text\" href=\"https:\/\/poliklinika-adria.ba\/index.php\/2025\/10\/03\/dr-mirsad-selimovic-domacin-i-predavac-na-kongresu-kardiologa-bih-u-sarajevu\/\">\r\n                                    <span>Read more<\/span>\r\n                                    <i>+<\/i>\r\n                                <\/a>\r\n                            <\/div>\r\n                                            <\/div>\r\n                <\/div>\r\n            <\/div>\r\n                    <div class=\"carousel-item slick-slide\">\r\n                <div class=\"grid-item-inner \">\r\n                                            <div class=\"item--featured\">\r\n                            <a href=\"https:\/\/poliklinika-adria.ba\/index.php\/2025\/09\/29\/obiljezavamo-svjetski-dan-srca-pod-sloganom-svaki-otkucaj-srca-je-bitan\/\"><img loading=\"lazy\" decoding=\"async\" class=\"\" src=\"https:\/\/poliklinika-adria.ba\/wp-content\/uploads\/2025\/09\/viber_slika_2025-09-29_12-50-49-028_720-e1760436409259-540x400.jpg\" width=\"540\" height=\"400\" alt=\"viber_slika_2025-09-29_12-50-49-028_720\" title=\"viber_slika_2025-09-29_12-50-49-028_720\" \/><\/a>\r\n                        <\/div>\r\n                                        <div class=\"item--body\">\r\n                                                    <ul class=\"item--meta\">\r\n                                                                    <li class=\"item--category\">\r\n                                        <a href=\"https:\/\/poliklinika-adria.ba\/index.php\/category\/poliklinika\/\" rel=\"tag\">Poliklinika<\/a>                                    <\/li>\r\n                                                                                                    <li class=\"item--date\">\r\n                                        <i class=\"bravisicon-calendar-alt\"><\/i>\r\n                                        <span>29<\/span>\r\n                                        <span>sep 2025<\/span>\r\n                                    <\/li>\r\n                                                            <\/ul>\r\n                                                <h3 class=\"item--title\"><a href=\"https:\/\/poliklinika-adria.ba\/index.php\/2025\/09\/29\/obiljezavamo-svjetski-dan-srca-pod-sloganom-svaki-otkucaj-srca-je-bitan\/\">OBILJE\u017dAVAMO SVJETSKI DAN SRCA POD SLOGANOM \u201cSvaki otkucaj srca je bitan\u201d<\/a><\/h3>\r\n                                                    <div class=\"item--content\">\r\n                                                            <\/div>\r\n                                                                            <div class=\"item--readmore\">\r\n                                <a class=\"btn-line-text\" href=\"https:\/\/poliklinika-adria.ba\/index.php\/2025\/09\/29\/obiljezavamo-svjetski-dan-srca-pod-sloganom-svaki-otkucaj-srca-je-bitan\/\">\r\n                                    <span>Read more<\/span>\r\n                                    <i>+<\/i>\r\n                                <\/a>\r\n                            <\/div>\r\n                                            <\/div>\r\n                <\/div>\r\n            <\/div>\r\n                    <div class=\"carousel-item slick-slide\">\r\n                <div class=\"grid-item-inner \">\r\n                                            <div class=\"item--featured\">\r\n                            <a href=\"https:\/\/poliklinika-adria.ba\/index.php\/2025\/07\/11\/savremeno-lijecenje-pacijenata-uz-nove-terapijske-mogucnosti\/\"><img loading=\"lazy\" decoding=\"async\" class=\"\" src=\"https:\/\/poliklinika-adria.ba\/wp-content\/uploads\/2025\/07\/517705078_724401653546336_4353743297474390554_n-e1752217018717-600x400.jpg\" width=\"600\" height=\"400\" alt=\"517705078_724401653546336_4353743297474390554_n\" title=\"517705078_724401653546336_4353743297474390554_n\" \/><\/a>\r\n                        <\/div>\r\n                                        <div class=\"item--body\">\r\n                                                    <ul class=\"item--meta\">\r\n                                                                    <li class=\"item--category\">\r\n                                        <a href=\"https:\/\/poliklinika-adria.ba\/index.php\/category\/poliklinika\/\" rel=\"tag\">Poliklinika<\/a>                                    <\/li>\r\n                                                                                                    <li class=\"item--date\">\r\n                                        <i class=\"bravisicon-calendar-alt\"><\/i>\r\n                                        <span>11<\/span>\r\n                                        <span>jul 2025<\/span>\r\n                                    <\/li>\r\n                                                            <\/ul>\r\n                                                <h3 class=\"item--title\"><a href=\"https:\/\/poliklinika-adria.ba\/index.php\/2025\/07\/11\/savremeno-lijecenje-pacijenata-uz-nove-terapijske-mogucnosti\/\">Savremeno lije\u010denje pacijenata uz nove terapijske mogu\u0107nosti<\/a><\/h3>\r\n                                                    <div class=\"item--content\">\r\n                                                            <\/div>\r\n                                                                            <div class=\"item--readmore\">\r\n                                <a class=\"btn-line-text\" href=\"https:\/\/poliklinika-adria.ba\/index.php\/2025\/07\/11\/savremeno-lijecenje-pacijenata-uz-nove-terapijske-mogucnosti\/\">\r\n                                    <span>Read more<\/span>\r\n                                    <i>+<\/i>\r\n                                <\/a>\r\n                            <\/div>\r\n                                            <\/div>\r\n                <\/div>\r\n            <\/div>\r\n                    <div class=\"carousel-item slick-slide\">\r\n                <div class=\"grid-item-inner \">\r\n                                            <div class=\"item--featured\">\r\n                            <a href=\"https:\/\/poliklinika-adria.ba\/index.php\/2025\/07\/11\/savjeti-kardiologa-za-tople-dane\/\"><img loading=\"lazy\" decoding=\"async\" class=\"\" src=\"https:\/\/poliklinika-adria.ba\/wp-content\/uploads\/2025\/07\/517370997_1930574507784098_3250426325300353692_n-e1752214298513-600x400.jpg\" width=\"600\" height=\"400\" alt=\"517370997_1930574507784098_3250426325300353692_n\" title=\"517370997_1930574507784098_3250426325300353692_n\" \/><\/a>\r\n                        <\/div>\r\n                                        <div class=\"item--body\">\r\n                                                    <ul class=\"item--meta\">\r\n                                                                    <li class=\"item--category\">\r\n                                        <a href=\"https:\/\/poliklinika-adria.ba\/index.php\/category\/kardiolog\/\" rel=\"tag\">Kardiolog<\/a>                                    <\/li>\r\n                                                                                                    <li class=\"item--date\">\r\n                                        <i class=\"bravisicon-calendar-alt\"><\/i>\r\n                                        <span>11<\/span>\r\n                                        <span>jul 2025<\/span>\r\n                                    <\/li>\r\n                                                            <\/ul>\r\n                                                <h3 class=\"item--title\"><a href=\"https:\/\/poliklinika-adria.ba\/index.php\/2025\/07\/11\/savjeti-kardiologa-za-tople-dane\/\">Savjeti kardiologa za tople dane<\/a><\/h3>\r\n                                                    <div class=\"item--content\">\r\n                                                            <\/div>\r\n                                                                            <div class=\"item--readmore\">\r\n                                <a class=\"btn-line-text\" href=\"https:\/\/poliklinika-adria.ba\/index.php\/2025\/07\/11\/savjeti-kardiologa-za-tople-dane\/\">\r\n                                    <span>Read more<\/span>\r\n                                    <i>+<\/i>\r\n                                <\/a>\r\n                            <\/div>\r\n                                            <\/div>\r\n                <\/div>\r\n            <\/div>\r\n                <\/div>\r\n    <\/div>\r\n<\/div>\r\n\t\t\t\t<\/div>\n\t\t\t\t<\/div>\n\t\t            <\/div>\n        <\/div>\n                    <\/div>\n        <\/section>\n                <section class=\"elementor-section elementor-top-section elementor-element elementor-element-7863010 elementor-section-stretched elementor-section-boxed elementor-section-height-default elementor-section-height-default ct-header-fixed-none ct-column-none ct-row-scroll-none\" data-id=\"7863010\" data-element_type=\"section\" data-settings=\"{&quot;stretch_section&quot;:&quot;section-stretched&quot;,&quot;background_background&quot;:&quot;classic&quot;}\">\n            \n                        <div class=\"elementor-container elementor-column-gap-extended \">\n                    <div class=\"elementor-column elementor-col-100 elementor-top-column elementor-element elementor-element-e471947 ct-column-none\" data-id=\"e471947\" data-element_type=\"column\">\n        <div class=\"elementor-widget-wrap elementor-element-populated\">\n                    \n        \t\t<div class=\"elementor-element elementor-element-df864a8 elementor-widget-divider--view-line_text elementor-widget-divider--element-align-left elementor-widget elementor-widget-divider\" data-id=\"df864a8\" data-element_type=\"widget\" data-widget_type=\"divider.default\">\n\t\t\t\t<div class=\"elementor-widget-container\">\n\t\t\t\t\t\t\t<div class=\"elementor-divider\">\n\t\t\t<span class=\"elementor-divider-separator\">\n\t\t\t\t\t\t\t<span class=\"elementor-divider__text elementor-divider__element\">\n\t\t\t\tLayout 4\t\t\t\t<\/span>\n\t\t\t\t\t\t<\/span>\n\t\t<\/div>\n\t\t\t\t\t\t<\/div>\n\t\t\t\t<\/div>\n\t\t\t\t<div class=\"elementor-element elementor-element-bf5e8d1 elementor-widget elementor-widget-ct_blog_carousel\" data-id=\"bf5e8d1\" data-element_type=\"widget\" data-widget_type=\"ct_blog_carousel.default\">\n\t\t\t\t<div class=\"elementor-widget-container\">\n\t\t\t\t\t\r\n<div id=\"ct_blog_carousel-bf5e8d1\" class=\"ct-blog-carousel ct-blog-carousel-layout3 ct-slick-slider\">\r\n    <div class=\"ct-carousel-inner\">\r\n        <div class=\"ct-slick-carousel\" data-arrows=\"\" data-dots=\"true\" data-pauseOnHover=\"true\" data-autoplay=\"false\" data-autoplaySpeed=\"5000\" data-infinite=\"true\" data-speed=\"500\" data-dir=\"false\" data-colxs=\"1\" data-colsm=\"2\" data-colmd=\"2\" data-collg=\"3\" data-colxl=\"3\" data-slidesToScroll=\"2\">\r\n\r\n                    <div class=\"carousel-item slick-slide\">\r\n                <div class=\"grid-item-inner \">\r\n                                            <div class=\"item--featured\">\r\n                            <a href=\"https:\/\/poliklinika-adria.ba\/index.php\/2026\/04\/20\/poliklinika-adria-ugostila-vrhunske-svjetske-ljekare-besplatni-pregledi-u-polikinici-adria-medical-center-tuzla\/\"><img loading=\"lazy\" decoding=\"async\" class=\"\" src=\"https:\/\/poliklinika-adria.ba\/wp-content\/uploads\/2026\/04\/adriaNaslovna-600x400.jpg\" width=\"600\" height=\"400\" alt=\"adriaNaslovna\" title=\"adriaNaslovna\" \/><\/a>\r\n                        <\/div>\r\n                                        <div class=\"item--body\">\r\n                                                    <ul class=\"item--meta meta-top\">\r\n                                                                    <li class=\"item--category\">\r\n                                        <a href=\"https:\/\/poliklinika-adria.ba\/index.php\/category\/poliklinika\/\" rel=\"tag\">Poliklinika<\/a>                                    <\/li>\r\n                                                                                                    <li class=\"item--date\">\r\n                                        <i class=\"bravisicon-calendar-alt\"><\/i>\r\n                                        <span>20<\/span>\r\n                                        <span>apr 2026<\/span>\r\n                                    <\/li>\r\n                                                            <\/ul>\r\n                                                <h3 class=\"item--title\"><a href=\"https:\/\/poliklinika-adria.ba\/index.php\/2026\/04\/20\/poliklinika-adria-ugostila-vrhunske-svjetske-ljekare-besplatni-pregledi-u-polikinici-adria-medical-center-tuzla\/\">POLIKLINIKA ADRIA UGOSTILA VRHUNSKE SVJETSKE LJEKARE (BESPLATNI PREGLEDI U POLIKINICI ADRIA MEDICAL CENTER TUZLA)<\/a><\/h3>\r\n                                                    <div class=\"item--content\">\r\n                                                            <\/div>\r\n                                                                            <ul class=\"item--meta meta-bottom\">\r\n                                                                    <li class=\"item--author\">\r\n                                        <i class=\"flaticon-user\"><\/i>\r\n                                        <span>By<\/span>\r\n                                        <a href=\"https:\/\/poliklinika-adria.ba\/index.php\/author\/admin_xs093ll4\/\">\r\n                                            admin                                        <\/a>\r\n                                    <\/li>\r\n                                                                                                    <li class=\"item--comment\">\r\n                                        <a href=\"https:\/\/poliklinika-adria.ba\/index.php\/blog-carousel\/\">\r\n                                            <i class=\"flaticon-comment\"><\/i>\r\n                                            0 Komentari                                        <\/a>\r\n                                    <\/li>\r\n                                                            <\/ul>\r\n                                            <\/div>\r\n                <\/div>\r\n            <\/div>\r\n                    <div class=\"carousel-item slick-slide\">\r\n                <div class=\"grid-item-inner \">\r\n                                            <div class=\"item--featured\">\r\n                            <a href=\"https:\/\/poliklinika-adria.ba\/index.php\/2025\/11\/19\/osoblje-poliklinike-adria-ucesnici-simpozija-o-kardiovaskularnim-bolestima-u-tuzli\/\"><img loading=\"lazy\" decoding=\"async\" class=\"\" src=\"https:\/\/poliklinika-adria.ba\/wp-content\/uploads\/2025\/11\/1-600x400.jpg\" width=\"600\" height=\"400\" alt=\"1\" title=\"1\" \/><\/a>\r\n                        <\/div>\r\n                                        <div class=\"item--body\">\r\n                                                    <ul class=\"item--meta meta-top\">\r\n                                                                    <li class=\"item--category\">\r\n                                        <a href=\"https:\/\/poliklinika-adria.ba\/index.php\/category\/kardiolog\/\" rel=\"tag\">Kardiolog<\/a>                                    <\/li>\r\n                                                                                                    <li class=\"item--date\">\r\n                                        <i class=\"bravisicon-calendar-alt\"><\/i>\r\n                                        <span>19<\/span>\r\n                                        <span>nov 2025<\/span>\r\n                                    <\/li>\r\n                                                            <\/ul>\r\n                                                <h3 class=\"item--title\"><a href=\"https:\/\/poliklinika-adria.ba\/index.php\/2025\/11\/19\/osoblje-poliklinike-adria-ucesnici-simpozija-o-kardiovaskularnim-bolestima-u-tuzli\/\">OSOBLJE POLIKLINIKE ADRIA U\u010cESNICI SIMPOZIJA O KARDIOVASKULARNIM BOLESTIMA U TUZLI<\/a><\/h3>\r\n                                                    <div class=\"item--content\">\r\n                                                            <\/div>\r\n                                                                            <ul class=\"item--meta meta-bottom\">\r\n                                                                    <li class=\"item--author\">\r\n                                        <i class=\"flaticon-user\"><\/i>\r\n                                        <span>By<\/span>\r\n                                        <a href=\"https:\/\/poliklinika-adria.ba\/index.php\/author\/admin_xs093ll4\/\">\r\n                                            admin                                        <\/a>\r\n                                    <\/li>\r\n                                                                                                    <li class=\"item--comment\">\r\n                                        <a href=\"https:\/\/poliklinika-adria.ba\/index.php\/blog-carousel\/\">\r\n                                            <i class=\"flaticon-comment\"><\/i>\r\n                                            0 Komentari                                        <\/a>\r\n                                    <\/li>\r\n                                                            <\/ul>\r\n                                            <\/div>\r\n                <\/div>\r\n            <\/div>\r\n                    <div class=\"carousel-item slick-slide\">\r\n                <div class=\"grid-item-inner \">\r\n                                            <div class=\"item--featured\">\r\n                            <a href=\"https:\/\/poliklinika-adria.ba\/index.php\/2025\/10\/03\/dr-mirsad-selimovic-domacin-i-predavac-na-kongresu-kardiologa-bih-u-sarajevu\/\"><img loading=\"lazy\" decoding=\"async\" class=\"\" src=\"https:\/\/poliklinika-adria.ba\/wp-content\/uploads\/2025\/10\/Primjer-2-1-600x400.jpg\" width=\"600\" height=\"400\" alt=\"Primjer 2 (1)\" title=\"Primjer 2 (1)\" \/><\/a>\r\n                        <\/div>\r\n                                        <div class=\"item--body\">\r\n                                                    <ul class=\"item--meta meta-top\">\r\n                                                                    <li class=\"item--category\">\r\n                                        <a href=\"https:\/\/poliklinika-adria.ba\/index.php\/category\/kardiolog\/\" rel=\"tag\">Kardiolog<\/a>                                    <\/li>\r\n                                                                                                    <li class=\"item--date\">\r\n                                        <i class=\"bravisicon-calendar-alt\"><\/i>\r\n                                        <span>03<\/span>\r\n                                        <span>okt 2025<\/span>\r\n                                    <\/li>\r\n                                                            <\/ul>\r\n                                                <h3 class=\"item--title\"><a href=\"https:\/\/poliklinika-adria.ba\/index.php\/2025\/10\/03\/dr-mirsad-selimovic-domacin-i-predavac-na-kongresu-kardiologa-bih-u-sarajevu\/\">Dr. Mirsad Selimovi\u0107 doma\u0107in i predava\u010d na Kongresu kardiologa BiH u Sarajevu<\/a><\/h3>\r\n                                                    <div class=\"item--content\">\r\n                                                            <\/div>\r\n                                                                            <ul class=\"item--meta meta-bottom\">\r\n                                                                    <li class=\"item--author\">\r\n                                        <i class=\"flaticon-user\"><\/i>\r\n                                        <span>By<\/span>\r\n                                        <a href=\"https:\/\/poliklinika-adria.ba\/index.php\/author\/user\/\">\r\n                                            User                                        <\/a>\r\n                                    <\/li>\r\n                                                                                                    <li class=\"item--comment\">\r\n                                        <a href=\"https:\/\/poliklinika-adria.ba\/index.php\/blog-carousel\/\">\r\n                                            <i class=\"flaticon-comment\"><\/i>\r\n                                            0 Komentari                                        <\/a>\r\n                                    <\/li>\r\n                                                            <\/ul>\r\n                                            <\/div>\r\n                <\/div>\r\n            <\/div>\r\n                    <div class=\"carousel-item slick-slide\">\r\n                <div class=\"grid-item-inner \">\r\n                                            <div class=\"item--featured\">\r\n                            <a href=\"https:\/\/poliklinika-adria.ba\/index.php\/2025\/09\/29\/obiljezavamo-svjetski-dan-srca-pod-sloganom-svaki-otkucaj-srca-je-bitan\/\"><img loading=\"lazy\" decoding=\"async\" class=\"\" src=\"https:\/\/poliklinika-adria.ba\/wp-content\/uploads\/2025\/09\/viber_slika_2025-09-29_12-50-49-028_720-e1760436409259-540x400.jpg\" width=\"540\" height=\"400\" alt=\"viber_slika_2025-09-29_12-50-49-028_720\" title=\"viber_slika_2025-09-29_12-50-49-028_720\" \/><\/a>\r\n                        <\/div>\r\n                                        <div class=\"item--body\">\r\n                                                    <ul class=\"item--meta meta-top\">\r\n                                                                    <li class=\"item--category\">\r\n                                        <a href=\"https:\/\/poliklinika-adria.ba\/index.php\/category\/poliklinika\/\" rel=\"tag\">Poliklinika<\/a>                                    <\/li>\r\n                                                                                                    <li class=\"item--date\">\r\n                                        <i class=\"bravisicon-calendar-alt\"><\/i>\r\n                                        <span>29<\/span>\r\n                                        <span>sep 2025<\/span>\r\n                                    <\/li>\r\n                                                            <\/ul>\r\n                                                <h3 class=\"item--title\"><a href=\"https:\/\/poliklinika-adria.ba\/index.php\/2025\/09\/29\/obiljezavamo-svjetski-dan-srca-pod-sloganom-svaki-otkucaj-srca-je-bitan\/\">OBILJE\u017dAVAMO SVJETSKI DAN SRCA POD SLOGANOM \u201cSvaki otkucaj srca je bitan\u201d<\/a><\/h3>\r\n                                                    <div class=\"item--content\">\r\n                                                            <\/div>\r\n                                                                            <ul class=\"item--meta meta-bottom\">\r\n                                                                    <li class=\"item--author\">\r\n                                        <i class=\"flaticon-user\"><\/i>\r\n                                        <span>By<\/span>\r\n                                        <a href=\"https:\/\/poliklinika-adria.ba\/index.php\/author\/user\/\">\r\n                                            User                                        <\/a>\r\n                                    <\/li>\r\n                                                                                                    <li class=\"item--comment\">\r\n                                        <a href=\"https:\/\/poliklinika-adria.ba\/index.php\/blog-carousel\/\">\r\n                                            <i class=\"flaticon-comment\"><\/i>\r\n                                            0 Komentari                                        <\/a>\r\n                                    <\/li>\r\n                                                            <\/ul>\r\n                                            <\/div>\r\n                <\/div>\r\n            <\/div>\r\n                    <div class=\"carousel-item slick-slide\">\r\n                <div class=\"grid-item-inner \">\r\n                                            <div class=\"item--featured\">\r\n                            <a href=\"https:\/\/poliklinika-adria.ba\/index.php\/2025\/07\/11\/savremeno-lijecenje-pacijenata-uz-nove-terapijske-mogucnosti\/\"><img loading=\"lazy\" decoding=\"async\" class=\"\" src=\"https:\/\/poliklinika-adria.ba\/wp-content\/uploads\/2025\/07\/517705078_724401653546336_4353743297474390554_n-e1752217018717-600x400.jpg\" width=\"600\" height=\"400\" alt=\"517705078_724401653546336_4353743297474390554_n\" title=\"517705078_724401653546336_4353743297474390554_n\" \/><\/a>\r\n                        <\/div>\r\n                                        <div class=\"item--body\">\r\n                                                    <ul class=\"item--meta meta-top\">\r\n                                                                    <li class=\"item--category\">\r\n                                        <a href=\"https:\/\/poliklinika-adria.ba\/index.php\/category\/poliklinika\/\" rel=\"tag\">Poliklinika<\/a>                                    <\/li>\r\n                                                                                                    <li class=\"item--date\">\r\n                                        <i class=\"bravisicon-calendar-alt\"><\/i>\r\n                                        <span>11<\/span>\r\n                                        <span>jul 2025<\/span>\r\n                                    <\/li>\r\n                                                            <\/ul>\r\n                                                <h3 class=\"item--title\"><a href=\"https:\/\/poliklinika-adria.ba\/index.php\/2025\/07\/11\/savremeno-lijecenje-pacijenata-uz-nove-terapijske-mogucnosti\/\">Savremeno lije\u010denje pacijenata uz nove terapijske mogu\u0107nosti<\/a><\/h3>\r\n                                                    <div class=\"item--content\">\r\n                                                            <\/div>\r\n                                                                            <ul class=\"item--meta meta-bottom\">\r\n                                                                    <li class=\"item--author\">\r\n                                        <i class=\"flaticon-user\"><\/i>\r\n                                        <span>By<\/span>\r\n                                        <a href=\"https:\/\/poliklinika-adria.ba\/index.php\/author\/admin_xs093ll4\/\">\r\n                                            admin                                        <\/a>\r\n                                    <\/li>\r\n                                                                                                    <li class=\"item--comment\">\r\n                                        <a href=\"https:\/\/poliklinika-adria.ba\/index.php\/blog-carousel\/\">\r\n                                            <i class=\"flaticon-comment\"><\/i>\r\n                                            0 Komentari                                        <\/a>\r\n                                    <\/li>\r\n                                                            <\/ul>\r\n                                            <\/div>\r\n                <\/div>\r\n            <\/div>\r\n                    <div class=\"carousel-item slick-slide\">\r\n                <div class=\"grid-item-inner \">\r\n                                            <div class=\"item--featured\">\r\n                            <a href=\"https:\/\/poliklinika-adria.ba\/index.php\/2025\/07\/11\/savjeti-kardiologa-za-tople-dane\/\"><img loading=\"lazy\" decoding=\"async\" class=\"\" src=\"https:\/\/poliklinika-adria.ba\/wp-content\/uploads\/2025\/07\/517370997_1930574507784098_3250426325300353692_n-e1752214298513-600x400.jpg\" width=\"600\" height=\"400\" alt=\"517370997_1930574507784098_3250426325300353692_n\" title=\"517370997_1930574507784098_3250426325300353692_n\" \/><\/a>\r\n                        <\/div>\r\n                                        <div class=\"item--body\">\r\n                                                    <ul class=\"item--meta meta-top\">\r\n                                                                    <li class=\"item--category\">\r\n                                        <a href=\"https:\/\/poliklinika-adria.ba\/index.php\/category\/kardiolog\/\" rel=\"tag\">Kardiolog<\/a>                                    <\/li>\r\n                                                                                                    <li class=\"item--date\">\r\n                                        <i class=\"bravisicon-calendar-alt\"><\/i>\r\n                                        <span>11<\/span>\r\n                                        <span>jul 2025<\/span>\r\n                                    <\/li>\r\n                                                            <\/ul>\r\n                                                <h3 class=\"item--title\"><a href=\"https:\/\/poliklinika-adria.ba\/index.php\/2025\/07\/11\/savjeti-kardiologa-za-tople-dane\/\">Savjeti kardiologa za tople dane<\/a><\/h3>\r\n                                                    <div class=\"item--content\">\r\n                                                            <\/div>\r\n                                                                            <ul class=\"item--meta meta-bottom\">\r\n                                                                    <li class=\"item--author\">\r\n                                        <i class=\"flaticon-user\"><\/i>\r\n                                        <span>By<\/span>\r\n                                        <a href=\"https:\/\/poliklinika-adria.ba\/index.php\/author\/admin_xs093ll4\/\">\r\n                                            admin                                        <\/a>\r\n                                    <\/li>\r\n                                                                                                    <li class=\"item--comment\">\r\n                                        <a href=\"https:\/\/poliklinika-adria.ba\/index.php\/blog-carousel\/\">\r\n                                            <i class=\"flaticon-comment\"><\/i>\r\n                                            0 Komentari                                        <\/a>\r\n                                    <\/li>\r\n                                                            <\/ul>\r\n                                            <\/div>\r\n                <\/div>\r\n            <\/div>\r\n                <\/div>\r\n    <\/div>\r\n<\/div>\r\n\t\t\t\t<\/div>\n\t\t\t\t<\/div>\n\t\t            <\/div>\n        <\/div>\n                    <\/div>\n        <\/section>\n        \t\t<\/div>\n\t\t","protected":false},"excerpt":{"rendered":"<p>Layout 1 Tin T\u1ee9c 11 Sep 2021 DevTools Debugging Tips Shortcut Chrome Fire Read more + Dental care 11 Sep 2021 Front-End Performance Checklist 2021 PDF Read more + Dental care 11 Sep 2021 Comprehensive Worksite Health Program Built Read more + Care, Hospital 31 Jul 2021 Sick Kid? How to Deal with a Child\u2019s [&hellip;]<\/p>\n","protected":false},"author":1,"featured_media":0,"parent":0,"menu_order":0,"comment_status":"closed","ping_status":"closed","template":"","meta":{"footnotes":""},"class_list":["post-73","page","type-page","status-publish","hentry"],"_links":{"self":[{"href":"https:\/\/poliklinika-adria.ba\/index.php\/wp-json\/wp\/v2\/pages\/73","targetHints":{"allow":["GET"]}}],"collection":[{"href":"https:\/\/poliklinika-adria.ba\/index.php\/wp-json\/wp\/v2\/pages"}],"about":[{"href":"https:\/\/poliklinika-adria.ba\/index.php\/wp-json\/wp\/v2\/types\/page"}],"author":[{"embeddable":true,"href":"https:\/\/poliklinika-adria.ba\/index.php\/wp-json\/wp\/v2\/users\/1"}],"replies":[{"embeddable":true,"href":"https:\/\/poliklinika-adria.ba\/index.php\/wp-json\/wp\/v2\/comments?post=73"}],"version-history":[{"count":0,"href":"https:\/\/poliklinika-adria.ba\/index.php\/wp-json\/wp\/v2\/pages\/73\/revisions"}],"wp:attachment":[{"href":"https:\/\/poliklinika-adria.ba\/index.php\/wp-json\/wp\/v2\/media?parent=73"}],"curies":[{"name":"wp","href":"https:\/\/api.w.org\/{rel}","templated":true}]}}