{"id":28,"date":"2021-07-25T17:08:34","date_gmt":"2021-07-25T17:08:34","guid":{"rendered":"https:\/\/demo.bravisthemes.com\/medibo\/?page_id=28"},"modified":"2025-06-25T11:02:28","modified_gmt":"2025-06-25T11:02:28","slug":"nas-tim","status":"publish","type":"page","link":"https:\/\/poliklinika-adria.ba\/index.php\/nas-tim\/","title":{"rendered":"Na\u0161 tim"},"content":{"rendered":"\t\t<div data-elementor-type=\"wp-page\" data-elementor-id=\"28\" class=\"elementor elementor-28\">\n\t\t\t\t        <section class=\"elementor-section elementor-top-section elementor-element elementor-element-11d7085 elementor-section-stretched elementor-section-boxed elementor-section-height-default elementor-section-height-default ct-header-fixed-none ct-column-none ct-row-scroll-none\" data-id=\"11d7085\" data-element_type=\"section\" data-settings=\"{&quot;stretch_section&quot;:&quot;section-stretched&quot;,&quot;background_background&quot;:&quot;classic&quot;}\">\n            \n                        <div class=\"elementor-container elementor-column-gap-extended \">\n                    <div class=\"elementor-column elementor-col-100 elementor-top-column elementor-element elementor-element-783d14c ct-column-none\" data-id=\"783d14c\" data-element_type=\"column\">\n        <div class=\"elementor-widget-wrap elementor-element-populated\">\n                    \n                <section class=\"elementor-section elementor-inner-section elementor-element elementor-element-03b6a6d elementor-section-content-bottom elementor-section-boxed elementor-section-height-default elementor-section-height-default ct-header-fixed-none ct-column-none ct-row-scroll-none\" data-id=\"03b6a6d\" data-element_type=\"section\">\n            \n                        <div class=\"elementor-container elementor-column-gap-extended \">\n                    <div class=\"elementor-column elementor-col-50 elementor-inner-column elementor-element elementor-element-8649bfc ct-column-none\" data-id=\"8649bfc\" data-element_type=\"column\">\n        <div class=\"elementor-widget-wrap elementor-element-populated\">\n                    \n        \t\t<div class=\"elementor-element elementor-element-d1c044f elementor-widget elementor-widget-ct_heading\" data-id=\"d1c044f\" data-element_type=\"widget\" data-widget_type=\"ct_heading.default\">\n\t\t\t\t<div class=\"elementor-widget-container\">\n\t\t\t\t\t<div class=\"ct-heading h-align-left item-st-default\">\r\n    <div class=\"ct-heading--inner\">\r\n    \t    \t\t<div class=\"item--sub-title\">\r\n                <span>\r\n                    Profesionalni tim poluklinike Adria                <\/span>\r\n            <\/div>\r\n    \t        <h3 class=\"item--title case-animate-time st-default \" data-wow-delay=\"ms\">\r\n            <span>Upoznaj na\u0161 tim<\/span>        <\/h3>\r\n    <\/div>\r\n<\/div>\r\n\r\n\t\t\t\t<\/div>\n\t\t\t\t<\/div>\n\t\t            <\/div>\n        <\/div>\n                <div class=\"elementor-column elementor-col-50 elementor-inner-column elementor-element elementor-element-f9170f5 ct-column-none\" data-id=\"f9170f5\" data-element_type=\"column\">\n        <div class=\"elementor-widget-wrap\">\n                    \n                    <\/div>\n        <\/div>\n                    <\/div>\n        <\/section>\n                    <\/div>\n        <\/div>\n                    <\/div>\n        <\/section>\n        <div class=\"elementor-element elementor-element-7abd117 e-con-full e-flex e-con e-parent\" data-id=\"7abd117\" data-element_type=\"container\">\n\t\t\t\t<div class=\"elementor-element elementor-element-4aff4ea elementor-widget elementor-widget-ct_team_grid\" data-id=\"4aff4ea\" data-element_type=\"widget\" data-widget_type=\"ct_team_grid.default\">\n\t\t\t\t<div class=\"elementor-widget-container\">\n\t\t\t\t\t    <div class=\"ct-grid ct-team ct-team-grid1\">\r\n        <div class=\"ct-grid-inner ct-grid-masonry row animate-time\" data-gutter=\"7\">\r\n                            <div class=\"grid-item col-xl-3 col-lg-3 col-md-4 col-sm-6 col-12\">\r\n                    <div class=\"item--inner bg-image \" data-wow-duration=\"1.2s\">\r\n                    \t                            <div class=\"item--image\">\r\n                                <img fetchpriority=\"high\" decoding=\"async\" class=\"no-lazyload \" src=\"https:\/\/poliklinika-adria.ba\/wp-content\/uploads\/2025\/06\/tim2-270x330.png\" width=\"270\" height=\"330\" alt=\"Mirsad Selimovi\u0107\" title=\"Mirsad Selimovi\u0107\" \/>                                                            <\/div>\r\n                                                <div class=\"item--holder\">\r\n                            <h4 class=\"item--title\">    \r\n                                Doc.dr.med.sc. Mirsad Selimovi\u0107                            <\/h4>\r\n                            <div class=\"item--position\">Kardiolog<\/div>\r\n                            <div class=\"item--social\">\r\n                                                                                                <\/div>\r\n                        <\/div>\r\n                   <\/div>\r\n                <\/div>\r\n                            <div class=\"grid-item col-xl-3 col-lg-3 col-md-4 col-sm-6 col-12\">\r\n                    <div class=\"item--inner bg-image \" data-wow-duration=\"1.2s\">\r\n                    \t                            <div class=\"item--image\">\r\n                                <img decoding=\"async\" class=\"no-lazyload \" src=\"https:\/\/poliklinika-adria.ba\/wp-content\/uploads\/2025\/06\/tim3-270x330.png\" width=\"270\" height=\"330\" alt=\"Zihnet Selimba\u0161i\u0107\" title=\"Zihnet Selimba\u0161i\u0107\" \/>                                                            <\/div>\r\n                                                <div class=\"item--holder\">\r\n                            <h4 class=\"item--title\">    \r\n                                Prof.dr.med.sc Zihnet Selimba\u0161i\u0107                            <\/h4>\r\n                            <div class=\"item--position\">Psihijatar<\/div>\r\n                            <div class=\"item--social\">\r\n                                                                                                <\/div>\r\n                        <\/div>\r\n                   <\/div>\r\n                <\/div>\r\n                            <div class=\"grid-item col-xl-3 col-lg-3 col-md-4 col-sm-6 col-12\">\r\n                    <div class=\"item--inner bg-image \" data-wow-duration=\"1.2s\">\r\n                    \t                            <div class=\"item--image\">\r\n                                <img decoding=\"async\" class=\"no-lazyload \" src=\"https:\/\/poliklinika-adria.ba\/wp-content\/uploads\/2025\/06\/Emir-Hodzic-270x330.png\" width=\"270\" height=\"330\" alt=\"Emir Hod\u017ei\u0107\" title=\"Emir Hod\u017ei\u0107\" \/>                                                            <\/div>\r\n                                                <div class=\"item--holder\">\r\n                            <h4 class=\"item--title\">    \r\n                                Prof.dr.med.sc Emir Hod\u017ei\u0107                            <\/h4>\r\n                            <div class=\"item--position\">Nefrolog<\/div>\r\n                            <div class=\"item--social\">\r\n                                                                                                <\/div>\r\n                        <\/div>\r\n                   <\/div>\r\n                <\/div>\r\n                            <div class=\"grid-item col-xl-3 col-lg-3 col-md-4 col-sm-6 col-12\">\r\n                    <div class=\"item--inner bg-image \" data-wow-duration=\"1.2s\">\r\n                    \t                            <div class=\"item--image\">\r\n                                <img loading=\"lazy\" decoding=\"async\" class=\"no-lazyload \" src=\"https:\/\/poliklinika-adria.ba\/wp-content\/uploads\/2025\/06\/Enver-Avdic-270x330.png\" width=\"270\" height=\"330\" alt=\"Enver Avdi\u0107\" title=\"Enver Avdi\u0107\" \/>                                                            <\/div>\r\n                                                <div class=\"item--holder\">\r\n                            <h4 class=\"item--title\">    \r\n                                Dr. Enver Avdi\u0107                            <\/h4>\r\n                            <div class=\"item--position\">Pedijatar<\/div>\r\n                            <div class=\"item--social\">\r\n                                                                                                <\/div>\r\n                        <\/div>\r\n                   <\/div>\r\n                <\/div>\r\n                            <div class=\"grid-item col-xl-3 col-lg-3 col-md-4 col-sm-6 col-12\">\r\n                    <div class=\"item--inner bg-image \" data-wow-duration=\"1.2s\">\r\n                    \t                            <div class=\"item--image\">\r\n                                <img loading=\"lazy\" decoding=\"async\" class=\"no-lazyload \" src=\"https:\/\/poliklinika-adria.ba\/wp-content\/uploads\/2025\/06\/Mirjana-Vidovic-270x330.png\" width=\"270\" height=\"330\" alt=\"Mirjana Vidovi\u0107\" title=\"Mirjana Vidovi\u0107\" \/>                                                            <\/div>\r\n                                                <div class=\"item--holder\">\r\n                            <h4 class=\"item--title\">    \r\n                                Prof.dr.med.sc. Mirjana Vidovi\u0107                            <\/h4>\r\n                            <div class=\"item--position\">Neurolog<\/div>\r\n                            <div class=\"item--social\">\r\n                                                                                                <\/div>\r\n                        <\/div>\r\n                   <\/div>\r\n                <\/div>\r\n                            <div class=\"grid-item col-xl-3 col-lg-3 col-md-4 col-sm-6 col-12\">\r\n                    <div class=\"item--inner bg-image \" data-wow-duration=\"1.2s\">\r\n                    \t                            <div class=\"item--image\">\r\n                                <img loading=\"lazy\" decoding=\"async\" class=\"no-lazyload \" src=\"https:\/\/poliklinika-adria.ba\/wp-content\/uploads\/2025\/06\/Senal-Malkocevic-270x330.png\" width=\"270\" height=\"330\" alt=\"Senal Malko\u010devi\u0107\" title=\"Senal Malko\u010devi\u0107\" \/>                                                            <\/div>\r\n                                                <div class=\"item--holder\">\r\n                            <h4 class=\"item--title\">    \r\n                                Dr. Senal Malko\u010devi\u0107                            <\/h4>\r\n                            <div class=\"item--position\">Endokrinolog<\/div>\r\n                            <div class=\"item--social\">\r\n                                                                                                <\/div>\r\n                        <\/div>\r\n                   <\/div>\r\n                <\/div>\r\n                            <div class=\"grid-item col-xl-3 col-lg-3 col-md-4 col-sm-6 col-12\">\r\n                    <div class=\"item--inner bg-image \" data-wow-duration=\"1.2s\">\r\n                    \t                            <div class=\"item--image\">\r\n                                <img loading=\"lazy\" decoding=\"async\" class=\"no-lazyload \" src=\"https:\/\/poliklinika-adria.ba\/wp-content\/uploads\/2025\/06\/Jasmina-Bosnjic-270x330.png\" width=\"270\" height=\"330\" alt=\"Jasmina Bo\u0161nji\u0107\" title=\"Jasmina Bo\u0161nji\u0107\" \/>                                                            <\/div>\r\n                                                <div class=\"item--holder\">\r\n                            <h4 class=\"item--title\">    \r\n                                Dr.med.sc. Jasmina Bo\u0161nji\u0107                            <\/h4>\r\n                            <div class=\"item--position\">Pulmolog<\/div>\r\n                            <div class=\"item--social\">\r\n                                                                                                <\/div>\r\n                        <\/div>\r\n                   <\/div>\r\n                <\/div>\r\n                            <div class=\"grid-item col-xl-3 col-lg-3 col-md-4 col-sm-6 col-12\">\r\n                    <div class=\"item--inner bg-image \" data-wow-duration=\"1.2s\">\r\n                    \t                            <div class=\"item--image\">\r\n                                <img loading=\"lazy\" decoding=\"async\" class=\"no-lazyload \" src=\"https:\/\/poliklinika-adria.ba\/wp-content\/uploads\/2025\/06\/Anela-Duric-e1751264815386-270x330.png\" width=\"270\" height=\"330\" alt=\"Anela Duri\u0107\" title=\"Anela Duri\u0107\" \/>                                                            <\/div>\r\n                                                <div class=\"item--holder\">\r\n                            <h4 class=\"item--title\">    \r\n                                Anela Duri\u0107                            <\/h4>\r\n                            <div class=\"item--position\">Logoped i surdoaudiolog<\/div>\r\n                            <div class=\"item--social\">\r\n                                                                                                <\/div>\r\n                        <\/div>\r\n                   <\/div>\r\n                <\/div>\r\n                            <div class=\"grid-item col-xl-3 col-lg-3 col-md-4 col-sm-6 col-12\">\r\n                    <div class=\"item--inner bg-image \" data-wow-duration=\"1.2s\">\r\n                    \t                            <div class=\"item--image\">\r\n                                <img loading=\"lazy\" decoding=\"async\" class=\"no-lazyload \" src=\"https:\/\/poliklinika-adria.ba\/wp-content\/uploads\/2025\/06\/Adnan-Gegic-e1751264959637-270x330.png\" width=\"270\" height=\"330\" alt=\"Adnan Gegi\u0107\" title=\"Adnan Gegi\u0107\" \/>                                                            <\/div>\r\n                                                <div class=\"item--holder\">\r\n                            <h4 class=\"item--title\">    \r\n                                 Mr.med.sc. Adnan Gegi\u0107                            <\/h4>\r\n                            <div class=\"item--position\">Gastroenterolog<\/div>\r\n                            <div class=\"item--social\">\r\n                                                                                                <\/div>\r\n                        <\/div>\r\n                   <\/div>\r\n                <\/div>\r\n                            <div class=\"grid-item col-xl-3 col-lg-3 col-md-4 col-sm-6 col-12\">\r\n                    <div class=\"item--inner bg-image \" data-wow-duration=\"1.2s\">\r\n                    \t                            <div class=\"item--image\">\r\n                                <img loading=\"lazy\" decoding=\"async\" class=\"no-lazyload \" src=\"https:\/\/poliklinika-adria.ba\/wp-content\/uploads\/2025\/06\/Suada-Mulic-e1751264840542-270x330.png\" width=\"270\" height=\"330\" alt=\"Suada Muli\u0107\" title=\"Suada Muli\u0107\" \/>                                                            <\/div>\r\n                                                <div class=\"item--holder\">\r\n                            <h4 class=\"item--title\">    \r\n                                Prof.dr.med.sc. Suada Muli\u0107                            <\/h4>\r\n                            <div class=\"item--position\"><br>Reumatolog<\/div>\r\n                            <div class=\"item--social\">\r\n                                                                                                <\/div>\r\n                        <\/div>\r\n                   <\/div>\r\n                <\/div>\r\n                            <div class=\"grid-item col-xl-3 col-lg-3 col-md-4 col-sm-6 col-12\">\r\n                    <div class=\"item--inner bg-image \" data-wow-duration=\"1.2s\">\r\n                    \t                            <div class=\"item--image\">\r\n                                <img loading=\"lazy\" decoding=\"async\" class=\"no-lazyload \" src=\"https:\/\/poliklinika-adria.ba\/wp-content\/uploads\/2025\/06\/Merima-Rakovac-270x330.png\" width=\"270\" height=\"330\" alt=\"Merima Rakovac\" title=\"Merima Rakovac\" \/>                                                            <\/div>\r\n                                                <div class=\"item--holder\">\r\n                            <h4 class=\"item--title\">    \r\n                                Ing.lab.dg. Merima Rakovac                            <\/h4>\r\n                            <div class=\"item--position\">Laboratorija<\/div>\r\n                            <div class=\"item--social\">\r\n                                                                                                <\/div>\r\n                        <\/div>\r\n                   <\/div>\r\n                <\/div>\r\n                            <div class=\"grid-item col-xl-3 col-lg-3 col-md-4 col-sm-6 col-12\">\r\n                    <div class=\"item--inner bg-image \" data-wow-duration=\"1.2s\">\r\n                    \t                            <div class=\"item--image\">\r\n                                <img loading=\"lazy\" decoding=\"async\" class=\"no-lazyload \" src=\"https:\/\/poliklinika-adria.ba\/wp-content\/uploads\/2025\/06\/Arnela-Arnautovic-e1751264578173-270x330.png\" width=\"270\" height=\"330\" alt=\"Arnela Arnautovi\u0107\" title=\"Arnela Arnautovi\u0107\" \/>                                                            <\/div>\r\n                                                <div class=\"item--holder\">\r\n                            <h4 class=\"item--title\">    \r\n                                Arnela Arnautovi\u0107                             <\/h4>\r\n                            <div class=\"item--position\">Nutricionista i dijeteti\u010dar<\/div>\r\n                            <div class=\"item--social\">\r\n                                                                                                <\/div>\r\n                        <\/div>\r\n                   <\/div>\r\n                <\/div>\r\n                            <div class=\"grid-item col-xl-3 col-lg-3 col-md-4 col-sm-6 col-12\">\r\n                    <div class=\"item--inner bg-image \" data-wow-duration=\"1.2s\">\r\n                    \t                            <div class=\"item--image\">\r\n                                <img loading=\"lazy\" decoding=\"async\" class=\"no-lazyload \" src=\"https:\/\/poliklinika-adria.ba\/wp-content\/uploads\/2025\/06\/Ghassan-Husni-e1751264995244-270x330.png\" width=\"270\" height=\"330\" alt=\"Ghassan Husni\" title=\"Ghassan Husni\" \/>                                                            <\/div>\r\n                                                <div class=\"item--holder\">\r\n                            <h4 class=\"item--title\">    \r\n                                Dr. Ghassan Husni                            <\/h4>\r\n                            <div class=\"item--position\">Specijalista za ko\u017ene i spolne bolesti - Dermatovenerolo<\/div>\r\n                            <div class=\"item--social\">\r\n                                                                                                <\/div>\r\n                        <\/div>\r\n                   <\/div>\r\n                <\/div>\r\n                            <div class=\"grid-item col-xl-3 col-lg-3 col-md-4 col-sm-6 col-12\">\r\n                    <div class=\"item--inner bg-image \" data-wow-duration=\"1.2s\">\r\n                    \t                            <div class=\"item--image\">\r\n                                <img loading=\"lazy\" decoding=\"async\" class=\"no-lazyload \" src=\"https:\/\/poliklinika-adria.ba\/wp-content\/uploads\/2025\/06\/Merima-Spirtovic-e1751264619115-270x330.png\" width=\"270\" height=\"330\" alt=\"Merima \u0160pirtovi\u0107\" title=\"Merima \u0160pirtovi\u0107\" \/>                                                            <\/div>\r\n                                                <div class=\"item--holder\">\r\n                            <h4 class=\"item--title\">    \r\n                                 Mr.sci.psy Merima \u0160pirtovi\u0107                            <\/h4>\r\n                            <div class=\"item--position\"> Dje\u010diji i klini\u010dki psiholog, integrativni psihoterapeut<\/div>\r\n                            <div class=\"item--social\">\r\n                                                                                                <\/div>\r\n                        <\/div>\r\n                   <\/div>\r\n                <\/div>\r\n                            <div class=\"grid-item col-xl-3 col-lg-3 col-md-4 col-sm-6 col-12\">\r\n                    <div class=\"item--inner bg-image \" data-wow-duration=\"1.2s\">\r\n                    \t                            <div class=\"item--image\">\r\n                                <img loading=\"lazy\" decoding=\"async\" class=\"no-lazyload \" src=\"https:\/\/poliklinika-adria.ba\/wp-content\/uploads\/2025\/06\/Denis-Mrsic-e1751264770761-270x330.png\" width=\"270\" height=\"330\" alt=\"Denis Mr\u0161i\u0107\" title=\"Denis Mr\u0161i\u0107\" \/>                                                            <\/div>\r\n                                                <div class=\"item--holder\">\r\n                            <h4 class=\"item--title\">    \r\n                                Doc.dr.med.sc. Denis Mr\u0161i\u0107                            <\/h4>\r\n                            <div class=\"item--position\">Specijalista interne medicine i subspecijalista kardiolog<\/div>\r\n                            <div class=\"item--social\">\r\n                                                                                                <\/div>\r\n                        <\/div>\r\n                   <\/div>\r\n                <\/div>\r\n                            <div class=\"grid-item col-xl-3 col-lg-3 col-md-4 col-sm-6 col-12\">\r\n                    <div class=\"item--inner bg-image \" data-wow-duration=\"1.2s\">\r\n                    \t                            <div class=\"item--image\">\r\n                                <img loading=\"lazy\" decoding=\"async\" class=\"no-lazyload \" src=\"https:\/\/poliklinika-adria.ba\/wp-content\/uploads\/2025\/06\/Katarina-Kovacevic-e1751264705212-270x330.png\" width=\"270\" height=\"330\" alt=\"Katarina Kova\u010devi\u0107\" title=\"Katarina Kova\u010devi\u0107\" \/>                                                            <\/div>\r\n                                                <div class=\"item--holder\">\r\n                            <h4 class=\"item--title\">    \r\n                                Doc.dr.med.sc. Katarina Kova\u010devi\u0107                            <\/h4>\r\n                            <div class=\"item--position\">Specijalista interne medicine Subspecijalist kardiolog<\/div>\r\n                            <div class=\"item--social\">\r\n                                                                                                <\/div>\r\n                        <\/div>\r\n                   <\/div>\r\n                <\/div>\r\n                            <div class=\"grid-item col-xl-3 col-lg-3 col-md-4 col-sm-6 col-12\">\r\n                    <div class=\"item--inner bg-image \" data-wow-duration=\"1.2s\">\r\n                    \t                            <div class=\"item--image\">\r\n                                <img loading=\"lazy\" decoding=\"async\" class=\"no-lazyload \" src=\"https:\/\/poliklinika-adria.ba\/wp-content\/uploads\/2025\/06\/Jasna-Sehic-Meric-270x330.png\" width=\"270\" height=\"330\" alt=\"Jasna \u0160ehi\u0107 Meri\u0107\" title=\"Jasna \u0160ehi\u0107 Meri\u0107\" \/>                                                            <\/div>\r\n                                                <div class=\"item--holder\">\r\n                            <h4 class=\"item--title\">    \r\n                                Dr.med.sc. Jasna \u0160ehi\u0107 Meri\u0107                            <\/h4>\r\n                            <div class=\"item--position\">Specijalista interne medicine Endokrinolog<\/div>\r\n                            <div class=\"item--social\">\r\n                                                                                                <\/div>\r\n                        <\/div>\r\n                   <\/div>\r\n                <\/div>\r\n                            <div class=\"grid-item col-xl-3 col-lg-3 col-md-4 col-sm-6 col-12\">\r\n                    <div class=\"item--inner bg-image \" data-wow-duration=\"1.2s\">\r\n                    \t                            <div class=\"item--image\">\r\n                                <img loading=\"lazy\" decoding=\"async\" class=\"no-lazyload \" src=\"https:\/\/poliklinika-adria.ba\/wp-content\/uploads\/2025\/06\/dr.-Aida-Mrsic-e1751264888235-270x330.png\" width=\"270\" height=\"330\" alt=\"dr. Aida Mr\u0161ic\" title=\"dr. Aida Mr\u0161ic\" \/>                                                            <\/div>\r\n                                                <div class=\"item--holder\">\r\n                            <h4 class=\"item--title\">    \r\n                                Dr. Aida Mr\u0161i\u0107                            <\/h4>\r\n                            <div class=\"item--position\">Pedijatar-dje\u010diji kardiolog<\/div>\r\n                            <div class=\"item--social\">\r\n                                                                                                <\/div>\r\n                        <\/div>\r\n                   <\/div>\r\n                <\/div>\r\n                        <div class=\"grid-sizer col-xl-3 col-lg-3 col-md-4 col-sm-6 col-12\"><\/div>\r\n        <\/div>\r\n    <\/div>\r\n\t\t\t\t<\/div>\n\t\t\t\t<\/div>\n\t\t\t\t<\/div>\n\t\t\t\t<\/div>\n\t\t","protected":false},"excerpt":{"rendered":"<p>Profesionalni tim poluklinike Adria Upoznaj na\u0161 tim Doc.dr.med.sc. Mirsad Selimovi\u0107 Kardiolog Prof.dr.med.sc Zihnet Selimba\u0161i\u0107 Psihijatar Prof.dr.med.sc Emir Hod\u017ei\u0107 Nefrolog Dr. Enver Avdi\u0107 Pedijatar Prof.dr.med.sc. Mirjana Vidovi\u0107 Neurolog Dr. Senal Malko\u010devi\u0107 Endokrinolog Dr.med.sc. Jasmina Bo\u0161nji\u0107 Pulmolog Anela Duri\u0107 Logoped i surdoaudiolog Mr.med.sc. Adnan Gegi\u0107 Gastroenterolog Prof.dr.med.sc. Suada Muli\u0107 Reumatolog Ing.lab.dg. Merima Rakovac Laboratorija Arnela Arnautovi\u0107 Nutricionista [&hellip;]<\/p>\n","protected":false},"author":1,"featured_media":0,"parent":0,"menu_order":0,"comment_status":"closed","ping_status":"closed","template":"","meta":{"footnotes":""},"class_list":["post-28","page","type-page","status-publish","hentry"],"_links":{"self":[{"href":"https:\/\/poliklinika-adria.ba\/index.php\/wp-json\/wp\/v2\/pages\/28","targetHints":{"allow":["GET"]}}],"collection":[{"href":"https:\/\/poliklinika-adria.ba\/index.php\/wp-json\/wp\/v2\/pages"}],"about":[{"href":"https:\/\/poliklinika-adria.ba\/index.php\/wp-json\/wp\/v2\/types\/page"}],"author":[{"embeddable":true,"href":"https:\/\/poliklinika-adria.ba\/index.php\/wp-json\/wp\/v2\/users\/1"}],"replies":[{"embeddable":true,"href":"https:\/\/poliklinika-adria.ba\/index.php\/wp-json\/wp\/v2\/comments?post=28"}],"version-history":[{"count":43,"href":"https:\/\/poliklinika-adria.ba\/index.php\/wp-json\/wp\/v2\/pages\/28\/revisions"}],"predecessor-version":[{"id":13100,"href":"https:\/\/poliklinika-adria.ba\/index.php\/wp-json\/wp\/v2\/pages\/28\/revisions\/13100"}],"wp:attachment":[{"href":"https:\/\/poliklinika-adria.ba\/index.php\/wp-json\/wp\/v2\/media?parent=28"}],"curies":[{"name":"wp","href":"https:\/\/api.w.org\/{rel}","templated":true}]}}