{"id":11009,"date":"2022-01-16T20:30:51","date_gmt":"2022-01-16T20:30:51","guid":{"rendered":"https:\/\/demo.bravisthemes.com\/medibo\/blog-grid-copy\/"},"modified":"2022-01-16T20:30:51","modified_gmt":"2022-01-16T20:30:51","slug":"blog-grid-2-column","status":"publish","type":"page","link":"https:\/\/poliklinika-adria.ba\/index.php\/blog-grid-2-column\/","title":{"rendered":"Blog Grid  2 Columns : Left Sidebar"},"content":{"rendered":"\t\t<div data-elementor-type=\"wp-page\" data-elementor-id=\"11009\" class=\"elementor elementor-11009\">\n\t\t\t\t        <section class=\"elementor-section elementor-top-section elementor-element elementor-element-a416563 elementor-section-boxed elementor-section-height-default elementor-section-height-default ct-header-fixed-none ct-column-none ct-row-scroll-none\" data-id=\"a416563\" data-element_type=\"section\">\n            \n                        <div class=\"elementor-container elementor-column-gap-no \">\n                    <div class=\"elementor-column elementor-col-100 elementor-top-column elementor-element elementor-element-15861e8 ct-column-none\" data-id=\"15861e8\" data-element_type=\"column\">\n        <div class=\"elementor-widget-wrap elementor-element-populated\">\n                    \n        \t\t<div class=\"elementor-element elementor-element-6c72c2d elementor-widget elementor-widget-ct_blog_grid\" data-id=\"6c72c2d\" data-element_type=\"widget\" data-widget_type=\"ct_blog_grid.default\">\n\t\t\t\t<div class=\"elementor-widget-container\">\n\t\t\t\t\t\r\n<div id=\"ct_blog_grid-6c72c2d\" class=\"ct-grid ct-blog-grid ct-blog-grid-layout2\" data-layout=\"masonry\" data-start-page=\"1\" data-max-pages=\"2\" data-total=\"9\" data-perpage=\"8\" data-next-link=\"https:\/\/poliklinika-adria.ba\/index.php\/wp-json\/wp\/v2\/pages\/11009\/page\/2\/\">\r\n    <div class=\"ct-grid-overlay\"><\/div>\r\n    \r\n    <div class=\"ct-grid-inner ct-grid-masonry row animate-time\" data-gutter=\"15\">\r\n                        <div class=\"grid-item col-xl-6 col-lg-6 col-md-6 col-sm-6 col-12 poliklinika\">\r\n                    <div class=\"grid-item-inner wow flipInY\" data-wow-duration=\"1.2s\">\r\n                                                    <div class=\"item--featured\">\r\n                                <a href=\"https:\/\/poliklinika-adria.ba\/index.php\/2026\/04\/20\/poliklinika-adria-ugostila-vrhunske-svjetske-ljekare-besplatni-pregledi-u-polikinici-adria-medical-center-tuzla\/\"><img fetchpriority=\"high\" decoding=\"async\" class=\"no-lazyload \" src=\"https:\/\/poliklinika-adria.ba\/wp-content\/uploads\/2026\/04\/adriaNaslovna-518x350.jpg\" width=\"518\" height=\"350\" alt=\"adriaNaslovna\" title=\"adriaNaslovna\" \/><\/a>\r\n                            <\/div>\r\n                                                <div class=\"item--body\">\r\n                            <div class=\"wp-meta-top\">\r\n                                                                    <span class=\"item--category\">\r\n                                        <a href=\"https:\/\/poliklinika-adria.ba\/index.php\/category\/poliklinika\/\" rel=\"tag\">Poliklinika<\/a>                                    <\/span>\r\n                                                                <h3 class=\"item--title\"><a href=\"https:\/\/poliklinika-adria.ba\/index.php\/2026\/04\/20\/poliklinika-adria-ugostila-vrhunske-svjetske-ljekare-besplatni-pregledi-u-polikinici-adria-medical-center-tuzla\/\">POLIKLINIKA ADRIA UGOSTILA VRHUNSKE SVJETSKE LJEKARE (BESPLATNI PREGLEDI U POLIKINICI ADRIA MEDICAL CENTER TUZLA)<\/a><\/h3>\r\n                                                                    <div class=\"item--content\">\r\n                                                                            <\/div>\r\n                                                            <\/div>\r\n                            <div class=\"wp-meta-bottom\">\r\n                                                                    <ul class=\"list-meta\">\r\n                                                                                    <li class=\"item--date\">\r\n                                                <i class=\"bravisicon-calendar-alt\"><\/i>\r\n                                                <span>20<\/span>\r\n                                                <span>apr 2026<\/span>\r\n                                            <\/li>\r\n                                                                                                                            <li class=\"item-author\">\r\n                                                <i class=\"bravisicon-user-alt\"><\/i>By&nbsp;<a href=\"https:\/\/poliklinika-adria.ba\/index.php\/author\/admin_xs093ll4\/\">admin<\/a>\r\n                                            <\/li>\r\n                                                                            <\/ul>\r\n                                                                                                    <a class=\"btn-readmore\" href=\"https:\/\/poliklinika-adria.ba\/index.php\/2026\/04\/20\/poliklinika-adria-ugostila-vrhunske-svjetske-ljekare-besplatni-pregledi-u-polikinici-adria-medical-center-tuzla\/\">\r\n                                        <span>Read more<\/span>\r\n                                        <i class=\"bravisicon-long-arrow-right-three\"><\/i>\r\n                                    <\/a>\r\n                                                            <\/div>\r\n                        <\/div>\r\n                    <\/div>\r\n                <\/div>\r\n                            <div class=\"grid-item col-xl-6 col-lg-6 col-md-6 col-sm-6 col-12 kardiolog\">\r\n                    <div class=\"grid-item-inner wow flipInY\" data-wow-duration=\"1.2s\">\r\n                                                    <div class=\"item--featured\">\r\n                                <a href=\"https:\/\/poliklinika-adria.ba\/index.php\/2025\/11\/19\/osoblje-poliklinike-adria-ucesnici-simpozija-o-kardiovaskularnim-bolestima-u-tuzli\/\"><img decoding=\"async\" class=\"no-lazyload \" src=\"https:\/\/poliklinika-adria.ba\/wp-content\/uploads\/2025\/11\/1-518x350.jpg\" width=\"518\" height=\"350\" alt=\"1\" title=\"1\" \/><\/a>\r\n                            <\/div>\r\n                                                <div class=\"item--body\">\r\n                            <div class=\"wp-meta-top\">\r\n                                                                    <span class=\"item--category\">\r\n                                        <a href=\"https:\/\/poliklinika-adria.ba\/index.php\/category\/kardiolog\/\" rel=\"tag\">Kardiolog<\/a>                                    <\/span>\r\n                                                                <h3 class=\"item--title\"><a href=\"https:\/\/poliklinika-adria.ba\/index.php\/2025\/11\/19\/osoblje-poliklinike-adria-ucesnici-simpozija-o-kardiovaskularnim-bolestima-u-tuzli\/\">OSOBLJE POLIKLINIKE ADRIA U\u010cESNICI SIMPOZIJA O KARDIOVASKULARNIM BOLESTIMA U TUZLI<\/a><\/h3>\r\n                                                                    <div class=\"item--content\">\r\n                                                                            <\/div>\r\n                                                            <\/div>\r\n                            <div class=\"wp-meta-bottom\">\r\n                                                                    <ul class=\"list-meta\">\r\n                                                                                    <li class=\"item--date\">\r\n                                                <i class=\"bravisicon-calendar-alt\"><\/i>\r\n                                                <span>19<\/span>\r\n                                                <span>nov 2025<\/span>\r\n                                            <\/li>\r\n                                                                                                                            <li class=\"item-author\">\r\n                                                <i class=\"bravisicon-user-alt\"><\/i>By&nbsp;<a href=\"https:\/\/poliklinika-adria.ba\/index.php\/author\/admin_xs093ll4\/\">admin<\/a>\r\n                                            <\/li>\r\n                                                                            <\/ul>\r\n                                                                                                    <a class=\"btn-readmore\" href=\"https:\/\/poliklinika-adria.ba\/index.php\/2025\/11\/19\/osoblje-poliklinike-adria-ucesnici-simpozija-o-kardiovaskularnim-bolestima-u-tuzli\/\">\r\n                                        <span>Read more<\/span>\r\n                                        <i class=\"bravisicon-long-arrow-right-three\"><\/i>\r\n                                    <\/a>\r\n                                                            <\/div>\r\n                        <\/div>\r\n                    <\/div>\r\n                <\/div>\r\n                            <div class=\"grid-item col-xl-6 col-lg-6 col-md-6 col-sm-6 col-12 kardiolog\">\r\n                    <div class=\"grid-item-inner wow flipInY\" data-wow-duration=\"1.2s\">\r\n                                                    <div class=\"item--featured\">\r\n                                <a href=\"https:\/\/poliklinika-adria.ba\/index.php\/2025\/10\/03\/dr-mirsad-selimovic-domacin-i-predavac-na-kongresu-kardiologa-bih-u-sarajevu\/\"><img decoding=\"async\" class=\"no-lazyload \" src=\"https:\/\/poliklinika-adria.ba\/wp-content\/uploads\/2025\/10\/Primjer-2-1-518x350.jpg\" width=\"518\" height=\"350\" alt=\"Primjer 2 (1)\" title=\"Primjer 2 (1)\" \/><\/a>\r\n                            <\/div>\r\n                                                <div class=\"item--body\">\r\n                            <div class=\"wp-meta-top\">\r\n                                                                    <span class=\"item--category\">\r\n                                        <a href=\"https:\/\/poliklinika-adria.ba\/index.php\/category\/kardiolog\/\" rel=\"tag\">Kardiolog<\/a>                                    <\/span>\r\n                                                                <h3 class=\"item--title\"><a href=\"https:\/\/poliklinika-adria.ba\/index.php\/2025\/10\/03\/dr-mirsad-selimovic-domacin-i-predavac-na-kongresu-kardiologa-bih-u-sarajevu\/\">Dr. Mirsad Selimovi\u0107 doma\u0107in i predava\u010d na Kongresu kardiologa BiH u Sarajevu<\/a><\/h3>\r\n                                                                    <div class=\"item--content\">\r\n                                                                            <\/div>\r\n                                                            <\/div>\r\n                            <div class=\"wp-meta-bottom\">\r\n                                                                    <ul class=\"list-meta\">\r\n                                                                                    <li class=\"item--date\">\r\n                                                <i class=\"bravisicon-calendar-alt\"><\/i>\r\n                                                <span>03<\/span>\r\n                                                <span>okt 2025<\/span>\r\n                                            <\/li>\r\n                                                                                                                            <li class=\"item-author\">\r\n                                                <i class=\"bravisicon-user-alt\"><\/i>By&nbsp;<a href=\"https:\/\/poliklinika-adria.ba\/index.php\/author\/user\/\">User<\/a>\r\n                                            <\/li>\r\n                                                                            <\/ul>\r\n                                                                                                    <a class=\"btn-readmore\" href=\"https:\/\/poliklinika-adria.ba\/index.php\/2025\/10\/03\/dr-mirsad-selimovic-domacin-i-predavac-na-kongresu-kardiologa-bih-u-sarajevu\/\">\r\n                                        <span>Read more<\/span>\r\n                                        <i class=\"bravisicon-long-arrow-right-three\"><\/i>\r\n                                    <\/a>\r\n                                                            <\/div>\r\n                        <\/div>\r\n                    <\/div>\r\n                <\/div>\r\n                            <div class=\"grid-item col-xl-6 col-lg-6 col-md-6 col-sm-6 col-12 poliklinika\">\r\n                    <div class=\"grid-item-inner wow flipInY\" data-wow-duration=\"1.2s\">\r\n                                                    <div class=\"item--featured\">\r\n                                <a href=\"https:\/\/poliklinika-adria.ba\/index.php\/2025\/09\/29\/obiljezavamo-svjetski-dan-srca-pod-sloganom-svaki-otkucaj-srca-je-bitan\/\"><img loading=\"lazy\" decoding=\"async\" class=\"no-lazyload \" src=\"https:\/\/poliklinika-adria.ba\/wp-content\/uploads\/2025\/09\/viber_slika_2025-09-29_12-50-49-028_720-e1760436409259-518x350.jpg\" width=\"518\" height=\"350\" alt=\"viber_slika_2025-09-29_12-50-49-028_720\" title=\"viber_slika_2025-09-29_12-50-49-028_720\" \/><\/a>\r\n                            <\/div>\r\n                                                <div class=\"item--body\">\r\n                            <div class=\"wp-meta-top\">\r\n                                                                    <span class=\"item--category\">\r\n                                        <a href=\"https:\/\/poliklinika-adria.ba\/index.php\/category\/poliklinika\/\" rel=\"tag\">Poliklinika<\/a>                                    <\/span>\r\n                                                                <h3 class=\"item--title\"><a href=\"https:\/\/poliklinika-adria.ba\/index.php\/2025\/09\/29\/obiljezavamo-svjetski-dan-srca-pod-sloganom-svaki-otkucaj-srca-je-bitan\/\">OBILJE\u017dAVAMO SVJETSKI DAN SRCA POD SLOGANOM \u201cSvaki otkucaj srca je bitan\u201d<\/a><\/h3>\r\n                                                                    <div class=\"item--content\">\r\n                                                                            <\/div>\r\n                                                            <\/div>\r\n                            <div class=\"wp-meta-bottom\">\r\n                                                                    <ul class=\"list-meta\">\r\n                                                                                    <li class=\"item--date\">\r\n                                                <i class=\"bravisicon-calendar-alt\"><\/i>\r\n                                                <span>29<\/span>\r\n                                                <span>sep 2025<\/span>\r\n                                            <\/li>\r\n                                                                                                                            <li class=\"item-author\">\r\n                                                <i class=\"bravisicon-user-alt\"><\/i>By&nbsp;<a href=\"https:\/\/poliklinika-adria.ba\/index.php\/author\/user\/\">User<\/a>\r\n                                            <\/li>\r\n                                                                            <\/ul>\r\n                                                                                                    <a class=\"btn-readmore\" href=\"https:\/\/poliklinika-adria.ba\/index.php\/2025\/09\/29\/obiljezavamo-svjetski-dan-srca-pod-sloganom-svaki-otkucaj-srca-je-bitan\/\">\r\n                                        <span>Read more<\/span>\r\n                                        <i class=\"bravisicon-long-arrow-right-three\"><\/i>\r\n                                    <\/a>\r\n                                                            <\/div>\r\n                        <\/div>\r\n                    <\/div>\r\n                <\/div>\r\n                            <div class=\"grid-item col-xl-6 col-lg-6 col-md-6 col-sm-6 col-12 poliklinika\">\r\n                    <div class=\"grid-item-inner wow flipInY\" data-wow-duration=\"1.2s\">\r\n                                                    <div class=\"item--featured\">\r\n                                <a href=\"https:\/\/poliklinika-adria.ba\/index.php\/2025\/07\/11\/savremeno-lijecenje-pacijenata-uz-nove-terapijske-mogucnosti\/\"><img loading=\"lazy\" decoding=\"async\" class=\"no-lazyload \" src=\"https:\/\/poliklinika-adria.ba\/wp-content\/uploads\/2025\/07\/517705078_724401653546336_4353743297474390554_n-e1752217018717-518x350.jpg\" width=\"518\" height=\"350\" alt=\"517705078_724401653546336_4353743297474390554_n\" title=\"517705078_724401653546336_4353743297474390554_n\" \/><\/a>\r\n                            <\/div>\r\n                                                <div class=\"item--body\">\r\n                            <div class=\"wp-meta-top\">\r\n                                                                    <span class=\"item--category\">\r\n                                        <a href=\"https:\/\/poliklinika-adria.ba\/index.php\/category\/poliklinika\/\" rel=\"tag\">Poliklinika<\/a>                                    <\/span>\r\n                                                                <h3 class=\"item--title\"><a href=\"https:\/\/poliklinika-adria.ba\/index.php\/2025\/07\/11\/savremeno-lijecenje-pacijenata-uz-nove-terapijske-mogucnosti\/\">Savremeno lije\u010denje pacijenata uz nove terapijske mogu\u0107nosti<\/a><\/h3>\r\n                                                                    <div class=\"item--content\">\r\n                                                                            <\/div>\r\n                                                            <\/div>\r\n                            <div class=\"wp-meta-bottom\">\r\n                                                                    <ul class=\"list-meta\">\r\n                                                                                    <li class=\"item--date\">\r\n                                                <i class=\"bravisicon-calendar-alt\"><\/i>\r\n                                                <span>11<\/span>\r\n                                                <span>jul 2025<\/span>\r\n                                            <\/li>\r\n                                                                                                                            <li class=\"item-author\">\r\n                                                <i class=\"bravisicon-user-alt\"><\/i>By&nbsp;<a href=\"https:\/\/poliklinika-adria.ba\/index.php\/author\/admin_xs093ll4\/\">admin<\/a>\r\n                                            <\/li>\r\n                                                                            <\/ul>\r\n                                                                                                    <a class=\"btn-readmore\" href=\"https:\/\/poliklinika-adria.ba\/index.php\/2025\/07\/11\/savremeno-lijecenje-pacijenata-uz-nove-terapijske-mogucnosti\/\">\r\n                                        <span>Read more<\/span>\r\n                                        <i class=\"bravisicon-long-arrow-right-three\"><\/i>\r\n                                    <\/a>\r\n                                                            <\/div>\r\n                        <\/div>\r\n                    <\/div>\r\n                <\/div>\r\n                            <div class=\"grid-item col-xl-6 col-lg-6 col-md-6 col-sm-6 col-12 kardiolog\">\r\n                    <div class=\"grid-item-inner wow flipInY\" data-wow-duration=\"1.2s\">\r\n                                                    <div class=\"item--featured\">\r\n                                <a href=\"https:\/\/poliklinika-adria.ba\/index.php\/2025\/07\/11\/savjeti-kardiologa-za-tople-dane\/\"><img loading=\"lazy\" decoding=\"async\" class=\"no-lazyload \" src=\"https:\/\/poliklinika-adria.ba\/wp-content\/uploads\/2025\/07\/517370997_1930574507784098_3250426325300353692_n-e1752214298513-518x350.jpg\" width=\"518\" height=\"350\" alt=\"517370997_1930574507784098_3250426325300353692_n\" title=\"517370997_1930574507784098_3250426325300353692_n\" \/><\/a>\r\n                            <\/div>\r\n                                                <div class=\"item--body\">\r\n                            <div class=\"wp-meta-top\">\r\n                                                                    <span class=\"item--category\">\r\n                                        <a href=\"https:\/\/poliklinika-adria.ba\/index.php\/category\/kardiolog\/\" rel=\"tag\">Kardiolog<\/a>                                    <\/span>\r\n                                                                <h3 class=\"item--title\"><a href=\"https:\/\/poliklinika-adria.ba\/index.php\/2025\/07\/11\/savjeti-kardiologa-za-tople-dane\/\">Savjeti kardiologa za tople dane<\/a><\/h3>\r\n                                                                    <div class=\"item--content\">\r\n                                                                            <\/div>\r\n                                                            <\/div>\r\n                            <div class=\"wp-meta-bottom\">\r\n                                                                    <ul class=\"list-meta\">\r\n                                                                                    <li class=\"item--date\">\r\n                                                <i class=\"bravisicon-calendar-alt\"><\/i>\r\n                                                <span>11<\/span>\r\n                                                <span>jul 2025<\/span>\r\n                                            <\/li>\r\n                                                                                                                            <li class=\"item-author\">\r\n                                                <i class=\"bravisicon-user-alt\"><\/i>By&nbsp;<a href=\"https:\/\/poliklinika-adria.ba\/index.php\/author\/admin_xs093ll4\/\">admin<\/a>\r\n                                            <\/li>\r\n                                                                            <\/ul>\r\n                                                                                                    <a class=\"btn-readmore\" href=\"https:\/\/poliklinika-adria.ba\/index.php\/2025\/07\/11\/savjeti-kardiologa-za-tople-dane\/\">\r\n                                        <span>Read more<\/span>\r\n                                        <i class=\"bravisicon-long-arrow-right-three\"><\/i>\r\n                                    <\/a>\r\n                                                            <\/div>\r\n                        <\/div>\r\n                    <\/div>\r\n                <\/div>\r\n                            <div class=\"grid-item col-xl-6 col-lg-6 col-md-6 col-sm-6 col-12 poliklinika\">\r\n                    <div class=\"grid-item-inner wow flipInY\" data-wow-duration=\"1.2s\">\r\n                                                    <div class=\"item--featured\">\r\n                                <a href=\"https:\/\/poliklinika-adria.ba\/index.php\/2025\/06\/18\/specijalisticke-usluge-poliklinike-adria-sve-na-jednom-mjestu-za-vase-zdravlje\/\"><img loading=\"lazy\" decoding=\"async\" class=\"no-lazyload \" src=\"https:\/\/poliklinika-adria.ba\/wp-content\/uploads\/2025\/06\/510288504_735574212299517_8293684585706126050_n-1-e1751869929318-518x350.jpg\" width=\"518\" height=\"350\" alt=\"510288504_735574212299517_8293684585706126050_n (1)\" title=\"510288504_735574212299517_8293684585706126050_n (1)\" \/><\/a>\r\n                            <\/div>\r\n                                                <div class=\"item--body\">\r\n                            <div class=\"wp-meta-top\">\r\n                                                                    <span class=\"item--category\">\r\n                                        <a href=\"https:\/\/poliklinika-adria.ba\/index.php\/category\/poliklinika\/\" rel=\"tag\">Poliklinika<\/a>                                    <\/span>\r\n                                                                <h3 class=\"item--title\"><a href=\"https:\/\/poliklinika-adria.ba\/index.php\/2025\/06\/18\/specijalisticke-usluge-poliklinike-adria-sve-na-jednom-mjestu-za-vase-zdravlje\/\">Specijalisti\u010dke usluge Poliklinike ADRIA \u2013 Sve na jednom mjestu za va\u0161e zdravlje<\/a><\/h3>\r\n                                                                    <div class=\"item--content\">\r\n                                                                            <\/div>\r\n                                                            <\/div>\r\n                            <div class=\"wp-meta-bottom\">\r\n                                                                    <ul class=\"list-meta\">\r\n                                                                                    <li class=\"item--date\">\r\n                                                <i class=\"bravisicon-calendar-alt\"><\/i>\r\n                                                <span>18<\/span>\r\n                                                <span>jun 2025<\/span>\r\n                                            <\/li>\r\n                                                                                                                            <li class=\"item-author\">\r\n                                                <i class=\"bravisicon-user-alt\"><\/i>By&nbsp;<a href=\"https:\/\/poliklinika-adria.ba\/index.php\/author\/admin_xs093ll4\/\">admin<\/a>\r\n                                            <\/li>\r\n                                                                            <\/ul>\r\n                                                                                                    <a class=\"btn-readmore\" href=\"https:\/\/poliklinika-adria.ba\/index.php\/2025\/06\/18\/specijalisticke-usluge-poliklinike-adria-sve-na-jednom-mjestu-za-vase-zdravlje\/\">\r\n                                        <span>Read more<\/span>\r\n                                        <i class=\"bravisicon-long-arrow-right-three\"><\/i>\r\n                                    <\/a>\r\n                                                            <\/div>\r\n                        <\/div>\r\n                    <\/div>\r\n                <\/div>\r\n                            <div class=\"grid-item col-xl-6 col-lg-6 col-md-6 col-sm-6 col-12 poliklinika\">\r\n                    <div class=\"grid-item-inner wow flipInY\" data-wow-duration=\"1.2s\">\r\n                                                    <div class=\"item--featured\">\r\n                                <a href=\"https:\/\/poliklinika-adria.ba\/index.php\/2025\/06\/18\/poliklinika-adria-medical-center-tuzla\/\"><img loading=\"lazy\" decoding=\"async\" class=\"no-lazyload \" src=\"https:\/\/poliklinika-adria.ba\/wp-content\/uploads\/2025\/06\/Poliklinika-ADRIA-Medical-Center-Tuzla-1-1170x874-1-e1750919499830-518x350.jpg\" width=\"518\" height=\"350\" alt=\"Poliklinika-ADRIA-Medical-Center-Tuzla-1-1170x874\" title=\"Poliklinika-ADRIA-Medical-Center-Tuzla-1-1170x874\" \/><\/a>\r\n                            <\/div>\r\n                                                <div class=\"item--body\">\r\n                            <div class=\"wp-meta-top\">\r\n                                                                    <span class=\"item--category\">\r\n                                        <a href=\"https:\/\/poliklinika-adria.ba\/index.php\/category\/poliklinika\/\" rel=\"tag\">Poliklinika<\/a>                                    <\/span>\r\n                                                                <h3 class=\"item--title\"><a href=\"https:\/\/poliklinika-adria.ba\/index.php\/2025\/06\/18\/poliklinika-adria-medical-center-tuzla\/\">Poliklinika ADRIA Medical Center Tuzla<\/a><\/h3>\r\n                                                                    <div class=\"item--content\">\r\n                                                                            <\/div>\r\n                                                            <\/div>\r\n                            <div class=\"wp-meta-bottom\">\r\n                                                                    <ul class=\"list-meta\">\r\n                                                                                    <li class=\"item--date\">\r\n                                                <i class=\"bravisicon-calendar-alt\"><\/i>\r\n                                                <span>18<\/span>\r\n                                                <span>jun 2025<\/span>\r\n                                            <\/li>\r\n                                                                                                                            <li class=\"item-author\">\r\n                                                <i class=\"bravisicon-user-alt\"><\/i>By&nbsp;<a href=\"https:\/\/poliklinika-adria.ba\/index.php\/author\/admin_xs093ll4\/\">admin<\/a>\r\n                                            <\/li>\r\n                                                                            <\/ul>\r\n                                                                                                    <a class=\"btn-readmore\" href=\"https:\/\/poliklinika-adria.ba\/index.php\/2025\/06\/18\/poliklinika-adria-medical-center-tuzla\/\">\r\n                                        <span>Read more<\/span>\r\n                                        <i class=\"bravisicon-long-arrow-right-three\"><\/i>\r\n                                    <\/a>\r\n                                                            <\/div>\r\n                        <\/div>\r\n                    <\/div>\r\n                <\/div>\r\n                                <div class=\"grid-sizer col-xl-6 col-lg-6 col-md-6 col-sm-6 col-12\"><\/div>\r\n            <\/div>\r\n            <div class=\"ct-grid-pagination\" data-loadmore=\"{&quot;startPage&quot;:1,&quot;maxPages&quot;:2,&quot;total&quot;:9,&quot;perpage&quot;:8,&quot;nextLink&quot;:&quot;https:\\\/\\\/poliklinika-adria.ba\\\/index.php\\\/wp-json\\\/wp\\\/v2\\\/pages\\\/11009\\\/page\\\/2\\\/&quot;,&quot;source&quot;:&quot;&quot;,&quot;orderby&quot;:&quot;date&quot;,&quot;order&quot;:&quot;desc&quot;,&quot;limit&quot;:8,&quot;post_ids&quot;:&quot;&quot;,&quot;col_xl&quot;:6,&quot;col_lg&quot;:6,&quot;col_md&quot;:6,&quot;col_sm&quot;:6,&quot;col_xs&quot;:12,&quot;pagination_type&quot;:&quot;pagination&quot;,&quot;show_author&quot;:&quot;true&quot;,&quot;show_date&quot;:&quot;true&quot;,&quot;show_category&quot;:&quot;true&quot;,&quot;show_button&quot;:&quot;true&quot;,&quot;button_text&quot;:&quot;&quot;,&quot;show_excerpt&quot;:&quot;true&quot;,&quot;num_words&quot;:15,&quot;img_size&quot;:&quot;&quot;,&quot;grid_masonry&quot;:&quot;&quot;,&quot;ct_animate&quot;:&quot;wow flipInY&quot;,&quot;template_type&quot;:&quot;post_grid_layout2&quot;,&quot;tax&quot;:[&quot;category&quot;]}\" data-query=\"{&quot;post_type&quot;:&quot;post&quot;,&quot;post_status&quot;:&quot;publish&quot;,&quot;posts_per_page&quot;:8,&quot;order&quot;:&quot;desc&quot;,&quot;orderby&quot;:&quot;date&quot;,&quot;tax_query&quot;:{&quot;relation&quot;:&quot;OR&quot;},&quot;post__not_in&quot;:[11009]}\">\r\n                <nav class=\"ct-posts-pagination ajax\">\r\n        <div class=\"posts-page-links\">\r\n            <span aria-current=\"page\" class=\"page-numbers current\">1<\/span>\n<a class=\"page-numbers\" href=\"#2\">2<\/a>\n<a class=\"next page-numbers\" href=\"#2\"><i class=\"bravisicon-angle-arrow-right\"><\/i><\/a>        <\/div>\r\n    <\/nav>\r\n            <\/div>\r\n        <\/div>\t\t\t\t<\/div>\n\t\t\t\t<\/div>\n\t\t            <\/div>\n        <\/div>\n                    <\/div>\n        <\/section>\n        \t\t<\/div>\n\t\t","protected":false},"excerpt":{"rendered":"<p>Dental care DevTools Debugging Tips Shortcut Chrome Fire An injection puts a small amount of filler into a chosen area with the aim\u2026 11 Sep 2021 By\u00a0Wilimson Read more Dental care Front-End Performance Checklist 2021 PDF An injection puts a small amount of filler into a chosen area with the aim\u2026 11 Sep 2021 By\u00a0Wilimson [&hellip;]<\/p>\n","protected":false},"author":1,"featured_media":0,"parent":0,"menu_order":0,"comment_status":"closed","ping_status":"closed","template":"","meta":{"footnotes":""},"class_list":["post-11009","page","type-page","status-publish","hentry"],"_links":{"self":[{"href":"https:\/\/poliklinika-adria.ba\/index.php\/wp-json\/wp\/v2\/pages\/11009","targetHints":{"allow":["GET"]}}],"collection":[{"href":"https:\/\/poliklinika-adria.ba\/index.php\/wp-json\/wp\/v2\/pages"}],"about":[{"href":"https:\/\/poliklinika-adria.ba\/index.php\/wp-json\/wp\/v2\/types\/page"}],"author":[{"embeddable":true,"href":"https:\/\/poliklinika-adria.ba\/index.php\/wp-json\/wp\/v2\/users\/1"}],"replies":[{"embeddable":true,"href":"https:\/\/poliklinika-adria.ba\/index.php\/wp-json\/wp\/v2\/comments?post=11009"}],"version-history":[{"count":0,"href":"https:\/\/poliklinika-adria.ba\/index.php\/wp-json\/wp\/v2\/pages\/11009\/revisions"}],"wp:attachment":[{"href":"https:\/\/poliklinika-adria.ba\/index.php\/wp-json\/wp\/v2\/media?parent=11009"}],"curies":[{"name":"wp","href":"https:\/\/api.w.org\/{rel}","templated":true}]}}